{"id":1876,"date":"2020-11-04T23:46:01","date_gmt":"2020-11-04T22:46:01","guid":{"rendered":"https:\/\/maskzentrum.de\/home"},"modified":"2026-04-28T09:52:31","modified_gmt":"2026-04-28T07:52:31","slug":"home","status":"publish","type":"page","link":"https:\/\/maskzentrum.de\/en\/","title":{"rendered":"Home"},"content":{"rendered":"\n<h1  data-animation-delay=\"0\" data-animation-duration=\"1\">\n\t\t\tGerman <br \/>for Your Future\t<\/h1>\n\twith subsidized integration courses<br \/>\nand vocational language courses<br \/>\nin Nuremberg or online at your home.\n\t\t\t<a href=\"https:\/\/maskzentrum.de\/en\/contact\"  target=\"_self\">\n\t\t\t\t\t\t\tContact Us\n\t\t\t<\/a>\n\t<a href=\"https:\/\/maskzentrum.de\/en\/integration-course-self-paying\/\" target=\"_self\"  aria-label=\"Gehe zu https:\/\/maskzentrum.de\/en\/integration-course-self-paying\/\"><\/a>\t\t\n\t\t\t\t<img decoding=\"async\" src=\"https:\/\/maskzentrum.de\/wp-content\/uploads\/icon_selbstzahler.svg\" alt=\"\" title=\"\" itemprop=\"image\"\/>\n\t\t\t<h3>No official permission? No problem!<\/h3>\t\t\t\n\t\t\t\t<p>Learn more about our services for self-paying participants.<\/p>\n<h2>\n\t\t\tGerman Language Skills as the Key to Success\t<\/h2>\n\t<p>Your Basis for a Successful Integration and Career in Germany.<\/p>\n\t<p>As a language school specializing in German, we offer <strong>all types of German courses<\/strong>. Whether individual or group lessons, face-to-face courses or online courses (virtual classroom), integration courses or professional language courses &#8211; we have the right course for every level. Our aim is to enable motivated people from all over the world to integrate successfully in Germany.<\/p>\n\t\t\t\t\t\t<h5>More information<\/h5>\n\t\t\t<p>We are also <strong>certified specialists for German in the healthcare sector<\/strong> (e.g. doctors, dentists, pharmacists, nurses and physiotherapists) and support international professionals with the recognition of their professional qualifications in Germany. We support you from the application process to passing the specialist language test, which will grant you a professional license in Germany.<\/p>\n<p>Our multilingual team will help you with your application and will also advise you on issues that are not only related to teaching (e.g. authorities, applications, contracts, etc.). We offer <strong>individual advice<\/strong> to all prospective students. We attach great importance to finding the right course for you, which corresponds to your level and is a good fit for you in terms of group composition. We will help you gain a foothold in Germany and find your way around everyday life in Germany!<\/p>\n\t\t3\n\t\t\t\t\tLocations\n\t\t800<sup>+<\/sup>\n\t\t\t\t\tCompleted courses\n\t\t12,000<sup>+<\/sup>\n\t\t\t\t\tSuccessful participants\n\t\t20<sup>+<\/sup>\n\t\t\t\t\tYears of experience\n<h2>\n\t\t\tOur German Courses and Exams\t<\/h2>\n\t<p>Would you like to learn German as a foreign language? As a certified language school, we offer you various course options. With us, you can attend online courses, individual courses, company courses, exam preparation courses as well as state-subsidized integration courses and vocational language courses (BAMF, BA, Jobcenter).<\/p>\n<p>As a certified telc examination center, we also offer you the opportunity to take your language exam at all competence levels of the Common European Framework of Reference for Languages (CEFR) at our language school after completing your German course.<\/p>\n\t\t\t\t<img decoding=\"async\" src=\"https:\/\/maskzentrum.de\/wp-content\/uploads\/home_kurse_gefoerderte_deutschkurse-jpg.webp\" alt=\"Eine junge Dame, die am Laptop produktiv arbeitet.\"\/>\n\t\t\t<p>BAMF, BA, Job Center<\/p><h3>Subsidized German Courses<\/h3>\n\t\t\t\t<ul><li>German C1: <a href=\"https:\/\/maskzentrum.de\/en\/german-cources\/medicine\"><u>Medicine<\/u><\/a> \u2003| \u2003<a href=\"https:\/\/maskzentrum.de\/en\/german-cources\/dentistry\"><u>Dentistry<\/u><\/a> \u2003| \u2003<a href=\"https:\/\/maskzentrum.de\/en\/german-cources\/pharmacy\"><u>Pharmacy<\/u><\/a><\/li><li>German B2: <a href=\"https:\/\/maskzentrum.de\/en\/german-cources\/nursing\"><u>Nursing<\/u><\/a> \u2003| \u2003<a href=\"https:\/\/maskzentrum.de\/en\/german-cources\/physiotherapy\"><u>Physiotherapy<\/u><\/a> \u2003| \u2003<a href=\"https:\/\/maskzentrum.de\/en\/german-cources\/b2-professional-purposes\"><u>Professional purposes<\/u><\/a><\/li><li>German B1: <a href=\"https:\/\/maskzentrum.de\/en\/german-cources\/b1-professional-purposes\"><u>Professional purposes<\/u><\/a><\/li><li>German A1-B1 <a href=\"https:\/\/maskzentrum.de\/en\/german-cources\/integration\"><u>Integration<\/u><\/a><\/li><\/ul>\n\t\t\t\t<img decoding=\"async\" src=\"https:\/\/maskzentrum.de\/wp-content\/uploads\/home_kurse_akademische_heilberufe-jpg.webp\" alt=\"Eine strahlende \u00c4rztin mit Brille und Arztkittel in einem Krankenhaus.\"\/>\n\t\t\t<p>Special Courses<\/p><h3>Academic Healthcare Professionals<\/h3>\n\t\t\t\t<ul><li><a href=\"https:\/\/maskzentrum.de\/en\/german-cources\/medicine\"><u>German C1 Medicine<\/u><\/a><\/li><li><a href=\"https:\/\/maskzentrum.de\/en\/german-cources\/dentistry\"><u>German C1 Dentistry<\/u><\/a><\/li><li><a href=\"https:\/\/maskzentrum.de\/en\/german-cources\/pharmacy\"><u>German C1 Pharmacy<\/u><\/a><\/li><\/ul>\n\t\t\t\t<img decoding=\"async\" src=\"https:\/\/maskzentrum.de\/wp-content\/uploads\/home_kurse_gesundheitsfachberufe-jpg.webp\" alt=\"Eine gl\u00fcckliche Gruppe diverser Pflegekr\u00e4fte in blauer Arbeitskleidung in einem Pflegeheim.\"\/>\n\t\t\t<p>Special Courses<\/p><h3>Healthcare Professionals<\/h3>\n\t\t\t\t<ul><li><u>German B2: Nursing<\/u><\/li><li><a href=\"https:\/\/maskzentrum.de\/en\/german-cources\/physiotherapy\"><u>German B2: Physiotherapy<\/u><\/a><\/li><li><a href=\"https:\/\/maskzentrum.de\/en\/german-cources\/azubi-nursing\/\"><u>German B1-C1: Nursing (Azubi-BSK)<\/u><\/a><\/li><\/ul>\n\t\t\t\t<img decoding=\"async\" src=\"https:\/\/maskzentrum.de\/wp-content\/uploads\/home_kurse_onkine-jpg.webp\" alt=\"Eine Frau mittleren Alters mit einem Headset im Homeoffice.\"\/>\n\t\t\t<p>Virtual Classroom<\/p><h3>Online Courses<\/h3>\n\t\t\t\t<ul><li>German C1: <a href=\"https:\/\/maskzentrum.de\/en\/online-courses\/medicine\"><u>Medicine<\/u><\/a> \u2003| \u2003<a href=\"https:\/\/maskzentrum.de\/en\/online-courses\/dentistry\"><u>Dentistry<\/u><\/a> \u2003| \u2003<a href=\"https:\/\/maskzentrum.de\/en\/online-courses\/pharmacy\"><u>Pharmacy<\/u><\/a><\/li><li>German B2: <a href=\"https:\/\/maskzentrum.de\/en\/online-courses\/nursing\"><u>Nursing<\/u><\/a> \u2003| \u2003<a href=\"https:\/\/maskzentrum.de\/en\/online-courses\/physiotherapy\"><u>Physiotherapy<\/u><\/a> \u2003| \u2003<a href=\"https:\/\/maskzentrum.de\/en\/online-courses\/b2-professional-purposes\"><u>Professional purposes<\/u><\/a><\/li><li>German B1: <a href=\"https:\/\/maskzentrum.de\/en\/online-courses\/b1-professional-purposes\"><u>Professional purposes<\/u><\/a><\/li><li>German A1-B1 <a href=\"https:\/\/maskzentrum.de\/en\/online-courses\/integration\"><u>Integration<\/u><\/a><\/li><\/ul>\n\t\t\t\t<img decoding=\"async\" src=\"https:\/\/maskzentrum.de\/wp-content\/uploads\/home_kurse_beruf-jpg.webp\" alt=\"Ein Mann mittlereren Alters in einer Produktionshalle in Sicherheitskleidung f\u00fcr seine T\u00e4tigkeit.\"\/>\n\t\t\t<h3>Professional Language Courses<\/h3>\n\t\t\t\t<ul><li><a href=\"https:\/\/maskzentrum.de\/en\/german-cources\/c1-professional-purposes\"><u>German C1 Professional purposes<\/u><\/a><\/li><li><a href=\"https:\/\/maskzentrum.de\/en\/german-cources\/b2-professional-purposes\"><u>German B2 Professional purposes<\/u><\/a><\/li><li><a href=\"https:\/\/maskzentrum.de\/en\/german-cources\/b1-professional-purposes\"><u>German B1 Professional purposes<\/u><\/a><\/li><\/ul>\n\t\t\t\t<img decoding=\"async\" src=\"https:\/\/maskzentrum.de\/wp-content\/uploads\/home_kurse_integration-jpg.webp\" alt=\"Eine Gruppe Erwachsener in einer Schule in einem Unterrichtsraum. Ein Mann meldet sich, um vom Lehrer aufgerufen zu werden.\"\/>\n\t\t\t<h3>Integration Courses<\/h3>\n\t\t\t\t<ul><li><a href=\"https:\/\/maskzentrum.de\/en\/german-cources\/integration\"><u>German A1-B1 Integration<\/u><\/a><\/li><li><a href=\"https:\/\/maskzentrum.de\/en\/german-cources\/literacy\"><u>German A1-B1 Literacy <\/u><\/a><\/li><\/ul>\n\t\t\t\t<img decoding=\"async\" src=\"https:\/\/maskzentrum.de\/wp-content\/uploads\/home_kurse_privat-jpg.webp\" alt=\"Eine Lehrkraft und ein Student beim durchgehen von Lehrmaterialen. Sie nutzen Arbeitsbl\u00e4tter, ein Lehrbuch und einen Laptop mit Online-Ressourcen.\"\/>\n\t\t\t<p>Individual learning<\/p><h3>Private Courses<\/h3>\n\t\t\t\t<ul><li>German C1-C2<\/li><li>German B1-B2<\/li><li>German A1-A2<\/li><\/ul>\n\t\t<a href=\"https:\/\/maskzentrum.de\/en\/contact\" target=\"_self\"  aria-label=\"Gehe zu https:\/\/maskzentrum.de\/en\/contact\"><\/a>\n\t\t\t\t<img decoding=\"async\" src=\"https:\/\/maskzentrum.de\/wp-content\/uploads\/home_kurse_firmen-jpg.webp\" alt=\"Ein Mann in Business Casual Kleidung erkl\u00e4rt unter Verwendung von Mimik und Handgestik ein Thema frontal vor einer Gruppe von Menschen.\"\/>\n\t\t\t<h3>Business courses<\/h3>\n\t\t\t\t<ul><li>German in the Healthcare Sector<\/li><li>German at Work<\/li><\/ul>\n\t\t<a href=\"https:\/\/maskzentrum.de\/en\/business-courses\" target=\"_self\"  aria-label=\"Gehe zu https:\/\/maskzentrum.de\/en\/business-courses\"><\/a>\n\t\t\t\t<img decoding=\"async\" src=\"https:\/\/maskzentrum.de\/wp-content\/uploads\/home_kurse_pruefungen-jpg.webp\" alt=\"Erwachsene junge und \u00e4ltere Sch\u00fcler schreiben eine Pr\u00fcfung und denken \u00fcber die L\u00f6sungen der Pr\u00fcfungsfragen nach.\"\/>\n\t\t\t<h3>Tests &#038; Exams<\/h3>\n\t\t\t\t<ul><li>telc Deutsch A1-C1, C1 Hochschule<\/li><li>telc Deutsch B2-C1 Medizin, B1-B2 Pflege<\/li><li>Deutsch-Test f\u00fcr Zuwanderer, f\u00fcr den Beruf<\/li><\/ul>\n\t\t<a href=\"https:\/\/maskzentrum.de\/en\/tests-and-exams\" target=\"_self\"  aria-label=\"Gehe zu https:\/\/maskzentrum.de\/en\/tests-and-exams\"><\/a>\n<h2>\n\t\t\tOur Teaching Concept\t<\/h2>\n\t\t\t\t<img decoding=\"async\" src=\"https:\/\/maskzentrum.de\/wp-content\/uploads\/icon_kursniveau.svg\" alt=\"icon_kursniveau\" title=\"icon_kursniveau\" itemprop=\"image\"\/>\n\t\t\t<h3>Suitable <br \/>Course Level:<\/h3>\t\t\t\n\t\t\t\t<p>Before you register for one of our German courses, we will carefully assess your current language skills. In doing so, we take into account the language certificates and certificates of attendance you have already acquired. In this way, we ensure that you learn at the optimum level for you and make rapid progress.<\/p>\n\t\t\t\t<img decoding=\"async\" src=\"https:\/\/maskzentrum.de\/wp-content\/uploads\/icon_lernoptionen.svg\" alt=\"icon_lernoptionen\" title=\"icon_lernoptionen\" itemprop=\"image\"\/>\n\t\t\t<h3>Flexible Learning Options &#8211; <br \/>Online or Face-to-face:<\/h3>\t\t\t\n\t\t\t\t<p>Our German courses offer you the flexibility to learn online or on-site in our modern classrooms. Whichever learning environment you choose, we always ensure high quality and efficient teaching to give you the best possible learning experience.<\/p>\n\t\t\t\t<img decoding=\"async\" src=\"https:\/\/maskzentrum.de\/wp-content\/uploads\/icon_lehrkraefte.svg\" alt=\"icon_lehrkraefte\" title=\"icon_lehrkraefte\" itemprop=\"image\"\/>\n\t\t\t<h3>Committed and <br \/>Empathetic Teachers:<\/h3>\t\t\t\n\t\t\t\t<p>Our highly qualified teachers of German as a foreign language understand the challenges that language learners face. They identify with our participants and create a supportive and motivating learning atmosphere. Their expertise and empathy promote your learning success and ensure that you feel comfortable and enjoy learning.<\/p>\n\t\t\t\t<img decoding=\"async\" src=\"https:\/\/maskzentrum.de\/wp-content\/uploads\/icon_ansatz.svg\" alt=\"icon_ansatz\" title=\"icon_ansatz\" itemprop=\"image\"\/>\n\t\t\t<h3>Holistic Approach<br \/>for Your Success:<\/h3>\t\t\t\n\t\t\t\t<p>Our aim is to teach you not only the German language, but also the cultural and social aspects that are crucial for a successful life and work in Germany. With our comprehensive learning concept, we support you on your path to successful integration and professional development.<\/p>\n\t<p>Contact us today to find out more about our German courses and to find the right course for your language level.<\/p>\n\t\t\t<a href=\"https:\/\/maskzentrum.de\/en\/contact\"  target=\"_self\">\n\t\t\t\t\t\t\tContact Us\n\t\t\t<\/a>\n<h2>\n\t\t\tCurrent dates\t<\/h2>\n\t\t<nav>\n\t\t\t<ul>\n\t\t\t\t\t\t\t\t<li data-index=\"0\" tabindex=\"0\">\n\t\t\t\t\t<h3>\n\t\t\t\t\t\t<a href=\"javascript:void(0);\" tabindex=\"-1\">Courses\n\t\t\t\t\t\t\t\t\t\t\t\t<\/a>\n\t\t\t\t\t<\/h3>\n\t\t\t\t<\/li>\n\t\t\t\t\t\t\t\t<li data-index=\"1\" tabindex=\"0\">\n\t\t\t\t\t<h3>\n\t\t\t\t\t\t<a href=\"javascript:void(0);\" tabindex=\"-1\">Exams\n\t\t\t\t\t\t\t\t\t\t\t\t<\/a>\n\t\t\t\t\t<\/h3>\n\t\t\t\t<\/li>\n\t\t\t\t\t\t\t<\/ul>\n\t\t<\/nav>\n\t\t\t\t\t<h3>\n\t\t\t\t\t\t\t\t\t\t\t\tCourses\n\t\t\t\t\t\t\t\t\t\t\t<\/h3>\n\t\t\t\t\t<div class=\"mask-events\" style=\"max-height:600px;overflow-y:auto;padding-right:14px\"><div class=\"mask-events__item\"><div class=\"mask-events__row1\"><div class=\"mask-events__c1\"><div class=\"mask-events__dot\" style=\"background:#2e7d32\"><\/div><\/div><div class=\"mask-events__c2\"><div class=\"mask-events__title\">B2 Health Professionals: Nurses<\/div><\/div><div class=\"mask-events__c3\"><\/div><div class=\"mask-events__c4\"><div class=\"mask-events__meta mask-events__type-line\"><strong>Face-to-face<\/strong><span class=\"mask-events__location\"> \u2013 Rothenburger Str. 245, 90439 Nuremberg<\/span><\/div><\/div><div class=\"mask-events__c5 mask-events__cta\"><a class=\"mask-events__btn mask-events__btn--on\" href=\"https:\/\/maskzentrum.de\/en\/course-registration\/?kurs=b2-pflege&#038;art=praesenzkurs\">Register now<\/a><\/div><\/div><div class=\"mask-events__row2\"><div class=\"mask-events__c1\"><\/div><div class=\"mask-events__c2\"><div class=\"mask-events__meta\">15.07.2026 \u2013 04.01.2027<span style=\"color:#cc0101\">*<\/span><\/div><\/div><div class=\"mask-events__c3\"><div class=\"mask-events__meta\">Mon.-Fri.: 8:30 - 12:35<\/div><\/div><div class=\"mask-events__c4\"><div class=\"mask-events__meta\">25 TU\/week (600 TU)<span style=\"color:#cc0101\">**<\/span><\/div><\/div><div class=\"mask-events__c5 mask-events__statuswrap\"><div class=\"mask-events__status mask-events__status--free\">Places available<\/div><\/div><\/div><\/div><div class=\"mask-events__item\"><div class=\"mask-events__row1\"><div class=\"mask-events__c1\"><div class=\"mask-events__dot\" style=\"background:#2e7d32\"><\/div><\/div><div class=\"mask-events__c2\"><div class=\"mask-events__title\">B2 Professional Purposes<\/div><\/div><div class=\"mask-events__c3\"><\/div><div class=\"mask-events__c4\"><div class=\"mask-events__meta mask-events__type-line\"><strong>Face-to-face<\/strong><span class=\"mask-events__location\"> \u2013 Zeltner Str. 19, 90443 Nuremberg<\/span><\/div><\/div><div class=\"mask-events__c5 mask-events__cta\"><a class=\"mask-events__btn mask-events__btn--on\" href=\"https:\/\/maskzentrum.de\/en\/course-registration\/?kurs=b2-beruf&#038;art=praesenzkurs\">Register now<\/a><\/div><\/div><div class=\"mask-events__row2\"><div class=\"mask-events__c1\"><\/div><div class=\"mask-events__c2\"><div class=\"mask-events__meta\">07.07.2026 \u2013 23.11.2026<span style=\"color:#cc0101\">*<\/span><\/div><\/div><div class=\"mask-events__c3\"><div class=\"mask-events__meta\">Mon.-Fri.: 8:30 - 12:35<\/div><\/div><div class=\"mask-events__c4\"><div class=\"mask-events__meta\">25 TU\/week (500 TU)<span style=\"color:#cc0101\">**<\/span><\/div><\/div><div class=\"mask-events__c5 mask-events__statuswrap\"><div class=\"mask-events__status mask-events__status--free\">Places available<\/div><\/div><\/div><\/div><div class=\"mask-events__item\"><div class=\"mask-events__row1\"><div class=\"mask-events__c1\"><div class=\"mask-events__dot\" style=\"background:#2e7d32\"><\/div><\/div><div class=\"mask-events__c2\"><div class=\"mask-events__title\">C1 Academic health professionals: Pharmacy<\/div><\/div><div class=\"mask-events__c3\"><\/div><div class=\"mask-events__c4\"><div class=\"mask-events__meta mask-events__type-line\"><strong>Hybrid<\/strong><span class=\"mask-events__location\"> \u2013 Online or in person: Rothenburger Str. 245<\/span><\/div><\/div><div class=\"mask-events__c5 mask-events__cta\"><a class=\"mask-events__btn mask-events__btn--on\" href=\"https:\/\/maskzentrum.de\/en\/course-registration\/?kurs=c1-pharmazie&#038;art=online-kurs\">Register now<\/a><\/div><\/div><div class=\"mask-events__row2\"><div class=\"mask-events__c1\"><\/div><div class=\"mask-events__c2\"><div class=\"mask-events__meta\">23.06.2026 \u2013 22.01.2027<span style=\"color:#cc0101\">*<\/span><\/div><\/div><div class=\"mask-events__c3\"><div class=\"mask-events__meta\">Mon.-Fri.: 8:30 - 11:45<\/div><\/div><div class=\"mask-events__c4\"><div class=\"mask-events__meta\">20 TU\/week (600 TU)<span style=\"color:#cc0101\">**<\/span><\/div><\/div><div class=\"mask-events__c5 mask-events__statuswrap\"><div class=\"mask-events__status mask-events__status--free\">Places available<\/div><\/div><\/div><\/div><div class=\"mask-events__item\"><div class=\"mask-events__row1\"><div class=\"mask-events__c1\"><div class=\"mask-events__dot\" style=\"background:#2e7d32\"><\/div><\/div><div class=\"mask-events__c2\"><div class=\"mask-events__title\">B2 Health Professionals: Physiotherapists<\/div><\/div><div class=\"mask-events__c3\"><\/div><div class=\"mask-events__c4\"><div class=\"mask-events__meta mask-events__type-line\"><strong>Online<\/strong><\/div><\/div><div class=\"mask-events__c5 mask-events__cta\"><a class=\"mask-events__btn mask-events__btn--on\" href=\"https:\/\/maskzentrum.de\/en\/course-registration\/?kurs=b2-physiotherapie&#038;art=online-kurs\">Register now<\/a><\/div><\/div><div class=\"mask-events__row2\"><div class=\"mask-events__c1\"><\/div><div class=\"mask-events__c2\"><div class=\"mask-events__meta\">17.06.2026 \u2013 18.01.2027<span style=\"color:#cc0101\">*<\/span><\/div><\/div><div class=\"mask-events__c3\"><div class=\"mask-events__meta\">Mon.-Fri.: 13:00 - 16:15<\/div><\/div><div class=\"mask-events__c4\"><div class=\"mask-events__meta\">20 TU\/week (600 TU)<span style=\"color:#cc0101\">**<\/span><\/div><\/div><div class=\"mask-events__c5 mask-events__statuswrap\"><div class=\"mask-events__status mask-events__status--free\">Places available<\/div><\/div><\/div><\/div><div class=\"mask-events__item\"><div class=\"mask-events__row1\"><div class=\"mask-events__c1\"><div class=\"mask-events__dot\" style=\"background:#2e7d32\"><\/div><\/div><div class=\"mask-events__c2\"><div class=\"mask-events__title\">C1 Academic health professionals: Medicine<\/div><\/div><div class=\"mask-events__c3\"><\/div><div class=\"mask-events__c4\"><div class=\"mask-events__meta mask-events__type-line\"><strong>Face-to-face<\/strong><span class=\"mask-events__location\"> \u2013 Zeltner Str. 19, 90443 Nuremberg<\/span><\/div><\/div><div class=\"mask-events__c5 mask-events__cta\"><a class=\"mask-events__btn mask-events__btn--on\" href=\"https:\/\/maskzentrum.de\/en\/course-registration\/?kurs=c1-medizin&#038;art=praesenzkurs\">Register now<\/a><\/div><\/div><div class=\"mask-events__row2\"><div class=\"mask-events__c1\"><\/div><div class=\"mask-events__c2\"><div class=\"mask-events__meta\">16.06.2026 \u2013 30.11.2026<span style=\"color:#cc0101\">*<\/span><\/div><\/div><div class=\"mask-events__c3\"><div class=\"mask-events__meta\">Mon.-Fri.: 8:30 - 12:35<\/div><\/div><div class=\"mask-events__c4\"><div class=\"mask-events__meta\">25 TU\/week (600 TU)<span style=\"color:#cc0101\">**<\/span><\/div><\/div><div class=\"mask-events__c5 mask-events__statuswrap\"><div class=\"mask-events__status mask-events__status--free\">Places available<\/div><\/div><\/div><\/div><div class=\"mask-events__item\"><div class=\"mask-events__row1\"><div class=\"mask-events__c1\"><div class=\"mask-events__dot\" style=\"background:#2e7d32\"><\/div><\/div><div class=\"mask-events__c2\"><div class=\"mask-events__title\">Integration course<\/div><\/div><div class=\"mask-events__c3\"><\/div><div class=\"mask-events__c4\"><div class=\"mask-events__meta mask-events__type-line\"><strong>Online<\/strong><\/div><\/div><div class=\"mask-events__c5 mask-events__cta\"><a class=\"mask-events__btn mask-events__btn--on\" href=\"https:\/\/maskzentrum.de\/en\/course-registration\/?kurs=integration&#038;art=online-kurs\">Register now<\/a><\/div><\/div><div class=\"mask-events__row2\"><div class=\"mask-events__c1\"><\/div><div class=\"mask-events__c2\"><div class=\"mask-events__meta\">09.06.2026 \u2013 12.02.2027<span style=\"color:#cc0101\">*<\/span><\/div><\/div><div class=\"mask-events__c3\"><div class=\"mask-events__meta\">Mon.-Fri.: 8:30 - 11:45<\/div><\/div><div class=\"mask-events__c4\"><div class=\"mask-events__meta\">20 TU\/week (700 TU)<span style=\"color:#cc0101\">**<\/span><\/div><\/div><div class=\"mask-events__c5 mask-events__statuswrap\"><div class=\"mask-events__status mask-events__status--free\">Places available<\/div><\/div><\/div><\/div><div class=\"mask-events__item\"><div class=\"mask-events__row1\"><div class=\"mask-events__c1\"><div class=\"mask-events__dot\" style=\"background:#2e7d32\"><\/div><\/div><div class=\"mask-events__c2\"><div class=\"mask-events__title\">C1 Academic health professionals: Dentistry<\/div><\/div><div class=\"mask-events__c3\"><\/div><div class=\"mask-events__c4\"><div class=\"mask-events__meta mask-events__type-line\"><strong>Hybrid<\/strong><span class=\"mask-events__location\"> \u2013 Online or in person: Allersberger Str. 45<\/span><\/div><\/div><div class=\"mask-events__c5 mask-events__cta\"><a class=\"mask-events__btn mask-events__btn--on\" href=\"https:\/\/maskzentrum.de\/en\/course-registration\/?kurs=c1-zahnmedizin&#038;art=online-kurs\">Register now<\/a><\/div><\/div><div class=\"mask-events__row2\"><div class=\"mask-events__c1\"><\/div><div class=\"mask-events__c2\"><div class=\"mask-events__meta\">09.06.2026 \u2013 08.01.2027<span style=\"color:#cc0101\">*<\/span><\/div><\/div><div class=\"mask-events__c3\"><div class=\"mask-events__meta\">Mon.-Fri.: 8:30 - 11:45<\/div><\/div><div class=\"mask-events__c4\"><div class=\"mask-events__meta\">20 TU\/week (600 TU)<span style=\"color:#cc0101\">**<\/span><\/div><\/div><div class=\"mask-events__c5 mask-events__statuswrap\"><div class=\"mask-events__status mask-events__status--free\">Places available<\/div><\/div><\/div><\/div><div class=\"mask-events__item\"><div class=\"mask-events__row1\"><div class=\"mask-events__c1\"><div class=\"mask-events__dot\" style=\"background:#2e7d32\"><\/div><\/div><div class=\"mask-events__c2\"><div class=\"mask-events__title\">C1 Academic health professionals: Dentistry<\/div><\/div><div class=\"mask-events__c3\"><\/div><div class=\"mask-events__c4\"><div class=\"mask-events__meta mask-events__type-line\"><strong>Online<\/strong><\/div><\/div><div class=\"mask-events__c5 mask-events__cta\"><a class=\"mask-events__btn mask-events__btn--on\" href=\"https:\/\/maskzentrum.de\/en\/course-registration\/?kurs=c1-zahnmedizin&#038;art=online-kurs\">Register now<\/a><\/div><\/div><div class=\"mask-events__row2\"><div class=\"mask-events__c1\"><\/div><div class=\"mask-events__c2\"><div class=\"mask-events__meta\">09.06.2026 \u2013 06.01.2027<span style=\"color:#cc0101\">*<\/span><\/div><\/div><div class=\"mask-events__c3\"><div class=\"mask-events__meta\">Mon.-Thu.: 8:30 - 12:35<\/div><\/div><div class=\"mask-events__c4\"><div class=\"mask-events__meta\">20 TU\/week (600 TU)<span style=\"color:#cc0101\">**<\/span><\/div><\/div><div class=\"mask-events__c5 mask-events__statuswrap\"><div class=\"mask-events__status mask-events__status--free\">Places available<\/div><\/div><\/div><\/div><div class=\"mask-events__item\"><div class=\"mask-events__row1\"><div class=\"mask-events__c1\"><div class=\"mask-events__dot\" style=\"background:#2e7d32\"><\/div><\/div><div class=\"mask-events__c2\"><div class=\"mask-events__title\">B2 Professional Purposes<\/div><\/div><div class=\"mask-events__c3\"><\/div><div class=\"mask-events__c4\"><div class=\"mask-events__meta mask-events__type-line\"><strong>Face-to-face<\/strong><span class=\"mask-events__location\"> \u2013 Zeltner Str. 19, 90443 Nuremberg<\/span><\/div><\/div><div class=\"mask-events__c5 mask-events__cta\"><a class=\"mask-events__btn mask-events__btn--on\" href=\"https:\/\/maskzentrum.de\/en\/course-registration\/?kurs=b2-beruf&#038;art=praesenzkurs\">Register now<\/a><\/div><\/div><div class=\"mask-events__row2\"><div class=\"mask-events__c1\"><\/div><div class=\"mask-events__c2\"><div class=\"mask-events__meta\">08.06.2026 \u2013 27.11.2026<span style=\"color:#cc0101\">*<\/span><\/div><\/div><div class=\"mask-events__c3\"><div class=\"mask-events__meta\">Mon.-Fri.: 17:45 - 21:00<\/div><\/div><div class=\"mask-events__c4\"><div class=\"mask-events__meta\">20 TU\/week (500 TU)<span style=\"color:#cc0101\">**<\/span><\/div><\/div><div class=\"mask-events__c5 mask-events__statuswrap\"><div class=\"mask-events__status mask-events__status--free\">Places available<\/div><\/div><\/div><\/div><div class=\"mask-events__item\"><div class=\"mask-events__row1\"><div class=\"mask-events__c1\"><div class=\"mask-events__dot\" style=\"background:#2e7d32\"><\/div><\/div><div class=\"mask-events__c2\"><div class=\"mask-events__title\">Integration course<\/div><\/div><div class=\"mask-events__c3\"><\/div><div class=\"mask-events__c4\"><div class=\"mask-events__meta mask-events__type-line\"><strong>Face-to-face<\/strong><span class=\"mask-events__location\"> \u2013 Rothenburger Str. 245, 90439 Nuremberg<\/span><\/div><\/div><div class=\"mask-events__c5 mask-events__cta\"><a class=\"mask-events__btn mask-events__btn--on\" href=\"https:\/\/maskzentrum.de\/en\/course-registration\/?kurs=integration&#038;art=praesenzkurs\">Register now<\/a><\/div><\/div><div class=\"mask-events__row2\"><div class=\"mask-events__c1\"><\/div><div class=\"mask-events__c2\"><div class=\"mask-events__meta\">27.05.2026 \u2013 02.02.2027<span style=\"color:#cc0101\">*<\/span><\/div><\/div><div class=\"mask-events__c3\"><div class=\"mask-events__meta\">Mon.-Fri.: 17:45 - 21:00<\/div><\/div><div class=\"mask-events__c4\"><div class=\"mask-events__meta\">20 TU\/week (700 TU)<span style=\"color:#cc0101\">**<\/span><\/div><\/div><div class=\"mask-events__c5 mask-events__statuswrap\"><div class=\"mask-events__status mask-events__status--free\">Places available<\/div><\/div><\/div><\/div><div class=\"mask-events__item\"><div class=\"mask-events__row1\"><div class=\"mask-events__c1\"><div class=\"mask-events__dot\" style=\"background:#2e7d32\"><\/div><\/div><div class=\"mask-events__c2\"><div class=\"mask-events__title\">Integration course<\/div><\/div><div class=\"mask-events__c3\"><\/div><div class=\"mask-events__c4\"><div class=\"mask-events__meta mask-events__type-line\"><strong>Face-to-face<\/strong><span class=\"mask-events__location\"> \u2013 Zeltner Str. 19, 90443 Nuremberg<\/span><\/div><\/div><div class=\"mask-events__c5 mask-events__cta\"><a class=\"mask-events__btn mask-events__btn--on\" href=\"https:\/\/maskzentrum.de\/en\/course-registration\/?kurs=integration&#038;art=praesenzkurs\">Register now<\/a><\/div><\/div><div class=\"mask-events__row2\"><div class=\"mask-events__c1\"><\/div><div class=\"mask-events__c2\"><div class=\"mask-events__meta\">26.05.2026 \u2013 08.12.2026<span style=\"color:#cc0101\">*<\/span><\/div><\/div><div class=\"mask-events__c3\"><div class=\"mask-events__meta\">Mon.-Fri.: 8:30 - 12:35<\/div><\/div><div class=\"mask-events__c4\"><div class=\"mask-events__meta\">25 TU\/week (700 TU)<span style=\"color:#cc0101\">**<\/span><\/div><\/div><div class=\"mask-events__c5 mask-events__statuswrap\"><div class=\"mask-events__status mask-events__status--free\">Places available<\/div><\/div><\/div><\/div><div class=\"mask-events__item\"><div class=\"mask-events__row1\"><div class=\"mask-events__c1\"><div class=\"mask-events__dot\" style=\"background:#2e7d32\"><\/div><\/div><div class=\"mask-events__c2\"><div class=\"mask-events__title\">B2 Health Professionals: Nurses<\/div><\/div><div class=\"mask-events__c3\"><\/div><div class=\"mask-events__c4\"><div class=\"mask-events__meta mask-events__type-line\"><strong>Online<\/strong><\/div><\/div><div class=\"mask-events__c5 mask-events__cta\"><a class=\"mask-events__btn mask-events__btn--on\" href=\"https:\/\/maskzentrum.de\/en\/course-registration\/?kurs=b2-pflege&#038;art=online-kurs\">Register now<\/a><\/div><\/div><div class=\"mask-events__row2\"><div class=\"mask-events__c1\"><\/div><div class=\"mask-events__c2\"><div class=\"mask-events__meta\">20.05.2026 \u2013 17.12.2026<span style=\"color:#cc0101\">*<\/span><\/div><\/div><div class=\"mask-events__c3\"><div class=\"mask-events__meta\">Mon.-Fri.: 13:00 - 16:15<\/div><\/div><div class=\"mask-events__c4\"><div class=\"mask-events__meta\">20 TU\/week (600 TU)<span style=\"color:#cc0101\">**<\/span><\/div><\/div><div class=\"mask-events__c5 mask-events__statuswrap\"><div class=\"mask-events__status mask-events__status--free\">Places available<\/div><\/div><\/div><\/div><div class=\"mask-events__item\"><div class=\"mask-events__row1\"><div class=\"mask-events__c1\"><div class=\"mask-events__dot\" style=\"background:#2e7d32\"><\/div><\/div><div class=\"mask-events__c2\"><div class=\"mask-events__title\">B2 Health Professionals: Nurses<\/div><\/div><div class=\"mask-events__c3\"><\/div><div class=\"mask-events__c4\"><div class=\"mask-events__meta mask-events__type-line\"><strong>Online<\/strong><\/div><\/div><div class=\"mask-events__c5 mask-events__cta\"><a class=\"mask-events__btn mask-events__btn--on\" href=\"https:\/\/maskzentrum.de\/en\/course-registration\/?kurs=b2-pflege&#038;art=online-kurs\">Register now<\/a><\/div><\/div><div class=\"mask-events__row2\"><div class=\"mask-events__c1\"><\/div><div class=\"mask-events__c2\"><div class=\"mask-events__meta\">20.05.2026 \u2013 17.12.2026<span style=\"color:#cc0101\">*<\/span><\/div><\/div><div class=\"mask-events__c3\"><div class=\"mask-events__meta\">Mon.-Fri.: 17:45 - 21:00<\/div><\/div><div class=\"mask-events__c4\"><div class=\"mask-events__meta\">20 TU\/week (600 TU)<span style=\"color:#cc0101\">**<\/span><\/div><\/div><div class=\"mask-events__c5 mask-events__statuswrap\"><div class=\"mask-events__status mask-events__status--free\">Places available<\/div><\/div><\/div><\/div><div class=\"mask-events__item\"><div class=\"mask-events__row1\"><div class=\"mask-events__c1\"><div class=\"mask-events__dot\" style=\"background:#2e7d32\"><\/div><\/div><div class=\"mask-events__c2\"><div class=\"mask-events__title\">B2 Health Professionals: Nurses<\/div><\/div><div class=\"mask-events__c3\"><\/div><div class=\"mask-events__c4\"><div class=\"mask-events__meta mask-events__type-line\"><strong>Online<\/strong><\/div><\/div><div class=\"mask-events__c5 mask-events__cta\"><a class=\"mask-events__btn mask-events__btn--on\" href=\"https:\/\/maskzentrum.de\/en\/course-registration\/?kurs=b2-pflege&#038;art=online-kurs\">Register now<\/a><\/div><\/div><div class=\"mask-events__row2\"><div class=\"mask-events__c1\"><\/div><div class=\"mask-events__c2\"><div class=\"mask-events__meta\">20.05.2026 \u2013 17.12.2026<span style=\"color:#cc0101\">*<\/span><\/div><\/div><div class=\"mask-events__c3\"><div class=\"mask-events__meta\">Mon.-Fri.: 13:30 - 16:15<\/div><\/div><div class=\"mask-events__c4\"><div class=\"mask-events__meta\">20 TU\/week (600 TU)<span style=\"color:#cc0101\">**<\/span><\/div><\/div><div class=\"mask-events__c5 mask-events__statuswrap\"><div class=\"mask-events__status mask-events__status--free\">Places available<\/div><\/div><\/div><\/div><div class=\"mask-events__item\"><div class=\"mask-events__row1\"><div class=\"mask-events__c1\"><div class=\"mask-events__dot\" style=\"background:#2e7d32\"><\/div><\/div><div class=\"mask-events__c2\"><div class=\"mask-events__title\">C1 Academic health professionals: Medicine<\/div><\/div><div class=\"mask-events__c3\"><\/div><div class=\"mask-events__c4\"><div class=\"mask-events__meta mask-events__type-line\"><strong>Online<\/strong><\/div><\/div><div class=\"mask-events__c5 mask-events__cta\"><a class=\"mask-events__btn mask-events__btn--on\" href=\"https:\/\/maskzentrum.de\/en\/course-registration\/?kurs=c1-medizin&#038;art=online-kurs\">Register now<\/a><\/div><\/div><div class=\"mask-events__row2\"><div class=\"mask-events__c1\"><\/div><div class=\"mask-events__c2\"><div class=\"mask-events__meta\">20.05.2026 \u2013 17.12.2026<span style=\"color:#cc0101\">*<\/span><\/div><\/div><div class=\"mask-events__c3\"><div class=\"mask-events__meta\">Mon.-Fri.: 8:30 - 11:45<\/div><\/div><div class=\"mask-events__c4\"><div class=\"mask-events__meta\">20 TU\/week (600 TU)<span style=\"color:#cc0101\">**<\/span><\/div><\/div><div class=\"mask-events__c5 mask-events__statuswrap\"><div class=\"mask-events__status mask-events__status--free\">Places available<\/div><\/div><\/div><\/div><div class=\"mask-events__item\"><div class=\"mask-events__row1\"><div class=\"mask-events__c1\"><div class=\"mask-events__dot\" style=\"background:#2e7d32\"><\/div><\/div><div class=\"mask-events__c2\"><div class=\"mask-events__title\">B2 Health Professionals: Physiotherapists<\/div><\/div><div class=\"mask-events__c3\"><\/div><div class=\"mask-events__c4\"><div class=\"mask-events__meta mask-events__type-line\"><strong>Online<\/strong><\/div><\/div><div class=\"mask-events__c5 mask-events__cta\"><a class=\"mask-events__btn mask-events__btn--on\" href=\"https:\/\/maskzentrum.de\/en\/course-registration\/?kurs=b2-physiotherapie&#038;art=online-kurs\">Register now<\/a><\/div><\/div><div class=\"mask-events__row2\"><div class=\"mask-events__c1\"><\/div><div class=\"mask-events__c2\"><div class=\"mask-events__meta\">20.05.2026 \u2013 17.12.2026<span style=\"color:#cc0101\">*<\/span><\/div><\/div><div class=\"mask-events__c3\"><div class=\"mask-events__meta\">Mon.-Fri.: 13:00 - 16:15<\/div><\/div><div class=\"mask-events__c4\"><div class=\"mask-events__meta\">20 TU\/week (600 TU)<span style=\"color:#cc0101\">**<\/span><\/div><\/div><div class=\"mask-events__c5 mask-events__statuswrap\"><div class=\"mask-events__status mask-events__status--free\">Places available<\/div><\/div><\/div><\/div><div class=\"mask-events__item\"><div class=\"mask-events__row1\"><div class=\"mask-events__c1\"><div class=\"mask-events__dot\" style=\"background:#2e7d32\"><\/div><\/div><div class=\"mask-events__c2\"><div class=\"mask-events__title\">C1 Academic health professionals: Medicine<\/div><\/div><div class=\"mask-events__c3\"><\/div><div class=\"mask-events__c4\"><div class=\"mask-events__meta mask-events__type-line\"><strong>Face-to-face<\/strong><span class=\"mask-events__location\"> \u2013 Zeltner Str. 19, 90443 Nuremberg<\/span><\/div><\/div><div class=\"mask-events__c5 mask-events__cta\"><a class=\"mask-events__btn mask-events__btn--on\" href=\"https:\/\/maskzentrum.de\/en\/course-registration\/?kurs=c1-medizin&#038;art=praesenzkurs\">Register now<\/a><\/div><\/div><div class=\"mask-events__row2\"><div class=\"mask-events__c1\"><\/div><div class=\"mask-events__c2\"><div class=\"mask-events__meta\">19.05.2026 \u2013 16.12.2026<span style=\"color:#cc0101\">*<\/span><\/div><\/div><div class=\"mask-events__c3\"><div class=\"mask-events__meta\">Mon.-Fri.: 9:00 - 12:15<\/div><\/div><div class=\"mask-events__c4\"><div class=\"mask-events__meta\">20 TU\/week (600 TU)<span style=\"color:#cc0101\">**<\/span><\/div><\/div><div class=\"mask-events__c5 mask-events__statuswrap\"><div class=\"mask-events__status mask-events__status--free\">Places available<\/div><\/div><\/div><\/div><div class=\"mask-events__item\"><div class=\"mask-events__row1\"><div class=\"mask-events__c1\"><div class=\"mask-events__dot\" style=\"background:#2e7d32\"><\/div><\/div><div class=\"mask-events__c2\"><div class=\"mask-events__title\">Integration course<\/div><\/div><div class=\"mask-events__c3\"><\/div><div class=\"mask-events__c4\"><div class=\"mask-events__meta mask-events__type-line\"><strong>Online<\/strong><\/div><\/div><div class=\"mask-events__c5 mask-events__cta\"><a class=\"mask-events__btn mask-events__btn--on\" href=\"https:\/\/maskzentrum.de\/en\/course-registration\/?kurs=integration&#038;art=online-kurs\">Register now<\/a><\/div><\/div><div class=\"mask-events__row2\"><div class=\"mask-events__c1\"><\/div><div class=\"mask-events__c2\"><div class=\"mask-events__meta\">19.05.2026 \u2013 26.01.2027<span style=\"color:#cc0101\">*<\/span><\/div><\/div><div class=\"mask-events__c3\"><div class=\"mask-events__meta\">Mon.-Fri.: 17:45 - 21:00<\/div><\/div><div class=\"mask-events__c4\"><div class=\"mask-events__meta\">20 TU\/week (700 TU)<span style=\"color:#cc0101\">**<\/span><\/div><\/div><div class=\"mask-events__c5 mask-events__statuswrap\"><div class=\"mask-events__status mask-events__status--free\">Places available<\/div><\/div><\/div><\/div><div class=\"mask-events__item\"><div class=\"mask-events__row1\"><div class=\"mask-events__c1\"><div class=\"mask-events__dot\" style=\"background:#2e7d32\"><\/div><\/div><div class=\"mask-events__c2\"><div class=\"mask-events__title\">C1 Academic health professionals: Dentistry<\/div><\/div><div class=\"mask-events__c3\"><\/div><div class=\"mask-events__c4\"><div class=\"mask-events__meta mask-events__type-line\"><strong>Online<\/strong><\/div><\/div><div class=\"mask-events__c5 mask-events__cta\"><a class=\"mask-events__btn mask-events__btn--on\" href=\"https:\/\/maskzentrum.de\/en\/course-registration\/?kurs=c1-zahnmedizin&#038;art=online-kurs\">Register now<\/a><\/div><\/div><div class=\"mask-events__row2\"><div class=\"mask-events__c1\"><\/div><div class=\"mask-events__c2\"><div class=\"mask-events__meta\">19.05.2026 \u2013 16.12.2026<span style=\"color:#cc0101\">*<\/span><\/div><\/div><div class=\"mask-events__c3\"><div class=\"mask-events__meta\">Mon.-Fri.: 13:00 - 16:15<\/div><\/div><div class=\"mask-events__c4\"><div class=\"mask-events__meta\">20 TU\/week (600 TU)<span style=\"color:#cc0101\">**<\/span><\/div><\/div><div class=\"mask-events__c5 mask-events__statuswrap\"><div class=\"mask-events__status mask-events__status--free\">Places available<\/div><\/div><\/div><\/div><div class=\"mask-events__item\"><div class=\"mask-events__row1\"><div class=\"mask-events__c1\"><div class=\"mask-events__dot\" style=\"background:#2e7d32\"><\/div><\/div><div class=\"mask-events__c2\"><div class=\"mask-events__title\">C1 Academic health professionals: Medicine<\/div><\/div><div class=\"mask-events__c3\"><\/div><div class=\"mask-events__c4\"><div class=\"mask-events__meta mask-events__type-line\"><strong>Online<\/strong><\/div><\/div><div class=\"mask-events__c5 mask-events__cta\"><a class=\"mask-events__btn mask-events__btn--on\" href=\"https:\/\/maskzentrum.de\/en\/course-registration\/?kurs=c1-medizin&#038;art=online-kurs\">Register now<\/a><\/div><\/div><div class=\"mask-events__row2\"><div class=\"mask-events__c1\"><\/div><div class=\"mask-events__c2\"><div class=\"mask-events__meta\">12.05.2026 \u2013 29.10.2026<span style=\"color:#cc0101\">*<\/span><\/div><\/div><div class=\"mask-events__c3\"><div class=\"mask-events__meta\">Mon.-Fri.: 8:15 - 12:15<\/div><\/div><div class=\"mask-events__c4\"><div class=\"mask-events__meta\">25 TU\/week (600 TU)<span style=\"color:#cc0101\">**<\/span><\/div><\/div><div class=\"mask-events__c5 mask-events__statuswrap\"><div class=\"mask-events__status mask-events__status--free\">Places available<\/div><\/div><\/div><\/div><div class=\"mask-events__item\"><div class=\"mask-events__row1\"><div class=\"mask-events__c1\"><div class=\"mask-events__dot\" style=\"background:#2e7d32\"><\/div><\/div><div class=\"mask-events__c2\"><div class=\"mask-events__title\">C1 Academic health professionals: Pharmacy<\/div><\/div><div class=\"mask-events__c3\"><\/div><div class=\"mask-events__c4\"><div class=\"mask-events__meta mask-events__type-line\"><strong>Online<\/strong><\/div><\/div><div class=\"mask-events__c5 mask-events__cta\"><a class=\"mask-events__btn mask-events__btn--on\" href=\"https:\/\/maskzentrum.de\/en\/course-registration\/?kurs=c1-pharmazie&#038;art=online-kurs\">Register now<\/a><\/div><\/div><div class=\"mask-events__row2\"><div class=\"mask-events__c1\"><\/div><div class=\"mask-events__c2\"><div class=\"mask-events__meta\">12.05.2026 \u2013 10.12.2026<span style=\"color:#cc0101\">*<\/span><\/div><\/div><div class=\"mask-events__c3\"><div class=\"mask-events__meta\">Mon.-Fri.: 13:00 - 16:15<\/div><\/div><div class=\"mask-events__c4\"><div class=\"mask-events__meta\">20 TU\/week (600 TU)<span style=\"color:#cc0101\">**<\/span><\/div><\/div><div class=\"mask-events__c5 mask-events__statuswrap\"><div class=\"mask-events__status mask-events__status--free\">Places available<\/div><\/div><\/div><\/div><div class=\"mask-events__item\"><div class=\"mask-events__row1\"><div class=\"mask-events__c1\"><div class=\"mask-events__dot\" style=\"background:#c62828\"><\/div><\/div><div class=\"mask-events__c2\"><div class=\"mask-events__title\">C1 Academic health professionals: Medicine<\/div><\/div><div class=\"mask-events__c3\"><\/div><div class=\"mask-events__c4\"><div class=\"mask-events__meta mask-events__type-line\"><strong>Online<\/strong><\/div><\/div><div class=\"mask-events__c5 mask-events__cta\"><a class=\"mask-events__btn mask-events__btn--off\" href=\"#\" aria-disabled=\"true\">Fully booked<\/a><\/div><\/div><div class=\"mask-events__row2\"><div class=\"mask-events__c1\"><\/div><div class=\"mask-events__c2\"><div class=\"mask-events__meta\">06.05.2026 \u2013 02.11.2026<span style=\"color:#cc0101\">*<\/span><\/div><\/div><div class=\"mask-events__c3\"><div class=\"mask-events__meta\">Mon.-Thu.: 17:45 - 21:00<\/div><\/div><div class=\"mask-events__c4\"><div class=\"mask-events__meta\">16 TU\/week (400 TU)<span style=\"color:#cc0101\">**<\/span><\/div><\/div><div class=\"mask-events__c5 mask-events__statuswrap\"><div class=\"mask-events__status mask-events__status--full\">Fully booked<\/div><\/div><\/div><\/div><div class=\"mask-events__item\"><div class=\"mask-events__row1\"><div class=\"mask-events__c1\"><div class=\"mask-events__dot\" style=\"background:#2e7d32\"><\/div><\/div><div class=\"mask-events__c2\"><div class=\"mask-events__title\">Integration course<\/div><\/div><div class=\"mask-events__c3\"><\/div><div class=\"mask-events__c4\"><div class=\"mask-events__meta mask-events__type-line\"><strong>Face-to-face<\/strong><span class=\"mask-events__location\"> \u2013 Zeltner Str. 19, 90443 Nuremberg<\/span><\/div><\/div><div class=\"mask-events__c5 mask-events__cta\"><a class=\"mask-events__btn mask-events__btn--on\" href=\"https:\/\/maskzentrum.de\/en\/course-registration\/?kurs=integration&#038;art=praesenzkurs\">Register now<\/a><\/div><\/div><div class=\"mask-events__row2\"><div class=\"mask-events__c1\"><\/div><div class=\"mask-events__c2\"><div class=\"mask-events__meta\">22.04.2026 \u2013 30.12.2026<span style=\"color:#cc0101\">*<\/span><\/div><\/div><div class=\"mask-events__c3\"><div class=\"mask-events__meta\">Mon.-Fri.: 17:45 - 21:00<\/div><\/div><div class=\"mask-events__c4\"><div class=\"mask-events__meta\">20 TU\/week (700 TU)<span style=\"color:#cc0101\">**<\/span><\/div><\/div><div class=\"mask-events__c5 mask-events__statuswrap\"><div class=\"mask-events__status mask-events__status--free\">Places available<\/div><\/div><\/div><\/div><div class=\"mask-events__item\"><div class=\"mask-events__row1\"><div class=\"mask-events__c1\"><div class=\"mask-events__dot\" style=\"background:#2e7d32\"><\/div><\/div><div class=\"mask-events__c2\"><div class=\"mask-events__title\">Integration course<\/div><\/div><div class=\"mask-events__c3\"><\/div><div class=\"mask-events__c4\"><div class=\"mask-events__meta mask-events__type-line\"><strong>Face-to-face<\/strong><span class=\"mask-events__location\"> \u2013 Zeltner Str. 19, 90443 Nuremberg<\/span><\/div><\/div><div class=\"mask-events__c5 mask-events__cta\"><a class=\"mask-events__btn mask-events__btn--on\" href=\"https:\/\/maskzentrum.de\/en\/course-registration\/?kurs=integration&#038;art=praesenzkurs\">Register now<\/a><\/div><\/div><div class=\"mask-events__row2\"><div class=\"mask-events__c1\"><\/div><div class=\"mask-events__c2\"><div class=\"mask-events__meta\">22.04.2026 \u2013 09.11.2026<span style=\"color:#cc0101\">*<\/span><\/div><\/div><div class=\"mask-events__c3\"><div class=\"mask-events__meta\">Mon.-Fri.: 8:30 - 12:35<\/div><\/div><div class=\"mask-events__c4\"><div class=\"mask-events__meta\">25 TU\/week (700 TU)<span style=\"color:#cc0101\">**<\/span><\/div><\/div><div class=\"mask-events__c5 mask-events__statuswrap\"><div class=\"mask-events__status mask-events__status--free\">Places available<\/div><\/div><\/div><\/div><div class=\"mask-events__item\"><div class=\"mask-events__row1\"><div class=\"mask-events__c1\"><div class=\"mask-events__dot\" style=\"background:#c62828\"><\/div><\/div><div class=\"mask-events__c2\"><div class=\"mask-events__title\">B2 Health Professionals: Nurses<\/div><\/div><div class=\"mask-events__c3\"><\/div><div class=\"mask-events__c4\"><div class=\"mask-events__meta mask-events__type-line\"><strong>Online<\/strong><\/div><\/div><div class=\"mask-events__c5 mask-events__cta\"><a class=\"mask-events__btn mask-events__btn--off\" href=\"#\" aria-disabled=\"true\">Fully booked<\/a><\/div><\/div><div class=\"mask-events__row2\"><div class=\"mask-events__c1\"><\/div><div class=\"mask-events__c2\"><div class=\"mask-events__meta\">16.04.2026 \u2013 17.11.2026<span style=\"color:#cc0101\">*<\/span><\/div><\/div><div class=\"mask-events__c3\"><div class=\"mask-events__meta\">Mon.-Fri.: 13:00 - 16:15<\/div><\/div><div class=\"mask-events__c4\"><div class=\"mask-events__meta\">20 TU\/week (600 TU)<span style=\"color:#cc0101\">**<\/span><\/div><\/div><div class=\"mask-events__c5 mask-events__statuswrap\"><div class=\"mask-events__status mask-events__status--full\">Fully booked<\/div><\/div><\/div><\/div><div class=\"mask-events__item\"><div class=\"mask-events__row1\"><div class=\"mask-events__c1\"><div class=\"mask-events__dot\" style=\"background:#c62828\"><\/div><\/div><div class=\"mask-events__c2\"><div class=\"mask-events__title\">C1 Academic health professionals: Dentistry<\/div><\/div><div class=\"mask-events__c3\"><\/div><div class=\"mask-events__c4\"><div class=\"mask-events__meta mask-events__type-line\"><strong>Online<\/strong><\/div><\/div><div class=\"mask-events__c5 mask-events__cta\"><a class=\"mask-events__btn mask-events__btn--off\" href=\"#\" aria-disabled=\"true\">Fully booked<\/a><\/div><\/div><div class=\"mask-events__row2\"><div class=\"mask-events__c1\"><\/div><div class=\"mask-events__c2\"><div class=\"mask-events__meta\">15.04.2026 \u2013 16.11.2026<span style=\"color:#cc0101\">*<\/span><\/div><\/div><div class=\"mask-events__c3\"><div class=\"mask-events__meta\">Mon.-Thu.: 8:30 - 12:35<\/div><\/div><div class=\"mask-events__c4\"><div class=\"mask-events__meta\">20 TU\/week (600 TU)<span style=\"color:#cc0101\">**<\/span><\/div><\/div><div class=\"mask-events__c5 mask-events__statuswrap\"><div class=\"mask-events__status mask-events__status--full\">Fully booked<\/div><\/div><\/div><\/div><div class=\"mask-events__item\"><div class=\"mask-events__row1\"><div class=\"mask-events__c1\"><div class=\"mask-events__dot\" style=\"background:#c62828\"><\/div><\/div><div class=\"mask-events__c2\"><div class=\"mask-events__title\">B2 Professional Purposes<\/div><\/div><div class=\"mask-events__c3\"><\/div><div class=\"mask-events__c4\"><div class=\"mask-events__meta mask-events__type-line\"><strong>Online<\/strong><\/div><\/div><div class=\"mask-events__c5 mask-events__cta\"><a class=\"mask-events__btn mask-events__btn--off\" href=\"#\" aria-disabled=\"true\">Fully booked<\/a><\/div><\/div><div class=\"mask-events__row2\"><div class=\"mask-events__c1\"><\/div><div class=\"mask-events__c2\"><div class=\"mask-events__meta\">14.04.2026 \u2013 09.10.2026<span style=\"color:#cc0101\">*<\/span><\/div><\/div><div class=\"mask-events__c3\"><div class=\"mask-events__meta\">Mon.-Fri.: 17:45 - 21:00<\/div><\/div><div class=\"mask-events__c4\"><div class=\"mask-events__meta\">20 TU\/week (500 TU)<span style=\"color:#cc0101\">**<\/span><\/div><\/div><div class=\"mask-events__c5 mask-events__statuswrap\"><div class=\"mask-events__status mask-events__status--full\">Fully booked<\/div><\/div><\/div><\/div><div class=\"mask-events__item\"><div class=\"mask-events__row1\"><div class=\"mask-events__c1\"><div class=\"mask-events__dot\" style=\"background:#2e7d32\"><\/div><\/div><div class=\"mask-events__c2\"><div class=\"mask-events__title\">Integration course<\/div><\/div><div class=\"mask-events__c3\"><\/div><div class=\"mask-events__c4\"><div class=\"mask-events__meta mask-events__type-line\"><strong>Online<\/strong><\/div><\/div><div class=\"mask-events__c5 mask-events__cta\"><a class=\"mask-events__btn mask-events__btn--on\" href=\"https:\/\/maskzentrum.de\/en\/course-registration\/?kurs=integration&#038;art=online-kurs\">Register now<\/a><\/div><\/div><div class=\"mask-events__row2\"><div class=\"mask-events__c1\"><\/div><div class=\"mask-events__c2\"><div class=\"mask-events__meta\">01.04.2026 \u2013 09.12.2026<span style=\"color:#cc0101\">*<\/span><\/div><\/div><div class=\"mask-events__c3\"><div class=\"mask-events__meta\">Mon.-Fri.: 8:30 - 11:45<\/div><\/div><div class=\"mask-events__c4\"><div class=\"mask-events__meta\">20 TU\/week (700 TU)<span style=\"color:#cc0101\">**<\/span><\/div><\/div><div class=\"mask-events__c5 mask-events__statuswrap\"><div class=\"mask-events__status mask-events__status--free\">Places available<\/div><\/div><\/div><\/div><div class=\"mask-events__item\"><div class=\"mask-events__row1\"><div class=\"mask-events__c1\"><div class=\"mask-events__dot\" style=\"background:#2e7d32\"><\/div><\/div><div class=\"mask-events__c2\"><div class=\"mask-events__title\">Integration course<\/div><\/div><div class=\"mask-events__c3\"><\/div><div class=\"mask-events__c4\"><div class=\"mask-events__meta mask-events__type-line\"><strong>Online<\/strong><\/div><\/div><div class=\"mask-events__c5 mask-events__cta\"><a class=\"mask-events__btn mask-events__btn--on\" href=\"https:\/\/maskzentrum.de\/en\/course-registration\/?kurs=integration&#038;art=online-kurs\">Register now<\/a><\/div><\/div><div class=\"mask-events__row2\"><div class=\"mask-events__c1\"><\/div><div class=\"mask-events__c2\"><div class=\"mask-events__meta\">19.01.2026 \u2013 17.12.2026<span style=\"color:#cc0101\">*<\/span><\/div><\/div><div class=\"mask-events__c3\"><div class=\"mask-events__meta\">Mon.-Fri.: 17:45 - 21:00<\/div><\/div><div class=\"mask-events__c4\"><div class=\"mask-events__meta\">20 TU\/week (700 TU)<span style=\"color:#cc0101\">**<\/span><\/div><\/div><div class=\"mask-events__c5 mask-events__statuswrap\"><div class=\"mask-events__status mask-events__status--free\">Places available<\/div><\/div><\/div><\/div><div class=\"mask-events__item\"><div class=\"mask-events__row1\"><div class=\"mask-events__c1\"><div class=\"mask-events__dot\" style=\"background:#2e7d32\"><\/div><\/div><div class=\"mask-events__c2\"><div class=\"mask-events__title\">Integration course<\/div><\/div><div class=\"mask-events__c3\"><\/div><div class=\"mask-events__c4\"><div class=\"mask-events__meta mask-events__type-line\"><strong>Online<\/strong><\/div><\/div><div class=\"mask-events__c5 mask-events__cta\"><a class=\"mask-events__btn mask-events__btn--on\" href=\"https:\/\/maskzentrum.de\/en\/course-registration\/?kurs=integration&#038;art=online-kurs\">Register now<\/a><\/div><\/div><div class=\"mask-events__row2\"><div class=\"mask-events__c1\"><\/div><div class=\"mask-events__c2\"><div class=\"mask-events__meta\">15.01.2026 \u2013 19.10.2026<span style=\"color:#cc0101\">*<\/span><\/div><\/div><div class=\"mask-events__c3\"><div class=\"mask-events__meta\">Mon.-Fri.: 8:30 - 11:45<\/div><\/div><div class=\"mask-events__c4\"><div class=\"mask-events__meta\">20 TU\/week (700 TU)<span style=\"color:#cc0101\">**<\/span><\/div><\/div><div class=\"mask-events__c5 mask-events__statuswrap\"><div class=\"mask-events__status mask-events__status--free\">Places available<\/div><\/div><\/div><\/div><div class=\"mask-events__item\"><div class=\"mask-events__row1\"><div class=\"mask-events__c1\"><div class=\"mask-events__dot\" style=\"background:#c62828\"><\/div><\/div><div class=\"mask-events__c2\"><div class=\"mask-events__title\">Integration course<\/div><\/div><div class=\"mask-events__c3\"><\/div><div class=\"mask-events__c4\"><div class=\"mask-events__meta mask-events__type-line\"><strong>Face-to-face<\/strong><span class=\"mask-events__location\"> \u2013 Zeltner Str. 19, 90443 Nuremberg<\/span><\/div><\/div><div class=\"mask-events__c5 mask-events__cta\"><a class=\"mask-events__btn mask-events__btn--off\" href=\"#\" aria-disabled=\"true\">Fully booked<\/a><\/div><\/div><div class=\"mask-events__row2\"><div class=\"mask-events__c1\"><\/div><div class=\"mask-events__c2\"><div class=\"mask-events__meta\">02.12.2025 \u2013 03.07.2026<span style=\"color:#cc0101\">*<\/span><\/div><\/div><div class=\"mask-events__c3\"><div class=\"mask-events__meta\">Mon.-Fri.: 8:30 - 12:35<\/div><\/div><div class=\"mask-events__c4\"><div class=\"mask-events__meta\">25 TU\/week (700 TU)<span style=\"color:#cc0101\">**<\/span><\/div><\/div><div class=\"mask-events__c5 mask-events__statuswrap\"><div class=\"mask-events__status mask-events__status--full\">Fully booked<\/div><\/div><\/div><\/div><div class=\"mask-events__item\"><div class=\"mask-events__row1\"><div class=\"mask-events__c1\"><div class=\"mask-events__dot\" style=\"background:#2e7d32\"><\/div><\/div><div class=\"mask-events__c2\"><div class=\"mask-events__title\">Integration course<\/div><\/div><div class=\"mask-events__c3\"><\/div><div class=\"mask-events__c4\"><div class=\"mask-events__meta mask-events__type-line\"><strong>Face-to-face<\/strong><span class=\"mask-events__location\"> \u2013 Zeltner Str. 19, 90443 Nuremberg<\/span><\/div><\/div><div class=\"mask-events__c5 mask-events__cta\"><a class=\"mask-events__btn mask-events__btn--on\" href=\"https:\/\/maskzentrum.de\/en\/course-registration\/?kurs=integration&#038;art=praesenzkurs\">Register now<\/a><\/div><\/div><div class=\"mask-events__row2\"><div class=\"mask-events__c1\"><\/div><div class=\"mask-events__c2\"><div class=\"mask-events__meta\">02.12.2025 \u2013 28.08.2026<span style=\"color:#cc0101\">*<\/span><\/div><\/div><div class=\"mask-events__c3\"><div class=\"mask-events__meta\">Mon.-Fri.: 17:45 - 21:00<\/div><\/div><div class=\"mask-events__c4\"><div class=\"mask-events__meta\">20 TU\/week (700 TU)<span style=\"color:#cc0101\">**<\/span><\/div><\/div><div class=\"mask-events__c5 mask-events__statuswrap\"><div class=\"mask-events__status mask-events__status--free\">Places available<\/div><\/div><\/div><\/div><div class=\"mask-events__item\"><div class=\"mask-events__row1\"><div class=\"mask-events__c1\"><div class=\"mask-events__dot\" style=\"background:#2e7d32\"><\/div><\/div><div class=\"mask-events__c2\"><div class=\"mask-events__title\">Integration course<\/div><\/div><div class=\"mask-events__c3\"><\/div><div class=\"mask-events__c4\"><div class=\"mask-events__meta mask-events__type-line\"><strong>Face-to-face<\/strong><span class=\"mask-events__location\"> \u2013 Rothenburger Str. 245, 90439 Nuremberg<\/span><\/div><\/div><div class=\"mask-events__c5 mask-events__cta\"><a class=\"mask-events__btn mask-events__btn--on\" href=\"https:\/\/maskzentrum.de\/en\/course-registration\/?kurs=integration&#038;art=praesenzkurs\">Register now<\/a><\/div><\/div><div class=\"mask-events__row2\"><div class=\"mask-events__c1\"><\/div><div class=\"mask-events__c2\"><div class=\"mask-events__meta\">01.10.2025 \u2013 06.07.2026<span style=\"color:#cc0101\">*<\/span><\/div><\/div><div class=\"mask-events__c3\"><div class=\"mask-events__meta\">Mon.-Fri.: 17:45 - 21:00<\/div><\/div><div class=\"mask-events__c4\"><div class=\"mask-events__meta\">20 TU\/week (700 TU)<span style=\"color:#cc0101\">**<\/span><\/div><\/div><div class=\"mask-events__c5 mask-events__statuswrap\"><div class=\"mask-events__status mask-events__status--free\">Places available<\/div><\/div><\/div><\/div><div class=\"mask-events__item\"><div class=\"mask-events__row1\"><div class=\"mask-events__c1\"><div class=\"mask-events__dot\" style=\"background:#2e7d32\"><\/div><\/div><div class=\"mask-events__c2\"><div class=\"mask-events__title\">Integration course<\/div><\/div><div class=\"mask-events__c3\"><\/div><div class=\"mask-events__c4\"><div class=\"mask-events__meta mask-events__type-line\"><strong>Online<\/strong><\/div><\/div><div class=\"mask-events__c5 mask-events__cta\"><a class=\"mask-events__btn mask-events__btn--on\" href=\"https:\/\/maskzentrum.de\/en\/course-registration\/?kurs=integration&#038;art=online-kurs\">Register now<\/a><\/div><\/div><div class=\"mask-events__row2\"><div class=\"mask-events__c1\"><\/div><div class=\"mask-events__c2\"><div class=\"mask-events__meta\">02.09.2025 \u2013 16.07.2026<span style=\"color:#cc0101\">*<\/span><\/div><\/div><div class=\"mask-events__c3\"><div class=\"mask-events__meta\">Mon.-Thurs.: 17:45 - 21:00<\/div><\/div><div class=\"mask-events__c4\"><div class=\"mask-events__meta\">20 TU\/week (700 UE)<span style=\"color:#cc0101\">**<\/span><\/div><\/div><div class=\"mask-events__c5 mask-events__statuswrap\"><div class=\"mask-events__status mask-events__status--free\">Places available<\/div><\/div><\/div><\/div><\/div>\n<p>* Expected end of course<br \/>** 1TU = 1 teaching unit = 45 minutes<\/p>\n\t\t\t\t\t<h3>\n\t\t\t\t\t\t\t\t\t\t\t\tExams\n\t\t\t\t\t\t\t\t\t\t\t<\/h3>\n\t\t\t\t\t<div class=\"mask-events\" style=\"max-height:610px;overflow-y:auto;padding-right:14px\"><div class=\"mask-events__item\"><div class=\"mask-events__row1\"><div class=\"mask-events__c1\"><div class=\"mask-events__dot\" style=\"background:#2e7d32\"><\/div><\/div><div class=\"mask-events__c2\"><div class=\"mask-events__title\">telc German B2 (200,00 \u20ac)<\/div><\/div><div class=\"mask-events__c3\"><\/div><div class=\"mask-events__c4\"><div class=\"mask-events__meta\">Zeltner Str. 19, 90443 Nuremberg<\/div><\/div><div class=\"mask-events__c5 mask-events__cta\"><a class=\"mask-events__btn mask-events__btn--on\" href=\"https:\/\/maskzentrum.de\/en\/tests-and-exams\/exam-registration\/\">Register now<\/a><\/div><\/div><div class=\"mask-events__row2\"><div class=\"mask-events__c1\"><\/div><div class=\"mask-events__c2\"><div class=\"mask-events__meta\">20.06.2026<\/div><\/div><div class=\"mask-events__c3\"><div class=\"mask-events__meta\">Sat.: 9:00 - 17:00<\/div><\/div><div class=\"mask-events__c4\"><div class=\"mask-events__meta\"><\/div><\/div><div class=\"mask-events__c5 mask-events__statuswrap\"><div class=\"mask-events__status mask-events__status--free\">Places available<\/div><\/div><\/div><\/div><div class=\"mask-events__item\"><div class=\"mask-events__row1\"><div class=\"mask-events__c1\"><div class=\"mask-events__dot\" style=\"background:#2e7d32\"><\/div><\/div><div class=\"mask-events__c2\"><div class=\"mask-events__title\">telc German B1 (200,00 \u20ac)<\/div><\/div><div class=\"mask-events__c3\"><\/div><div class=\"mask-events__c4\"><div class=\"mask-events__meta\">Zeltner Str. 19, 90443 Nuremberg<\/div><\/div><div class=\"mask-events__c5 mask-events__cta\"><a class=\"mask-events__btn mask-events__btn--on\" href=\"https:\/\/maskzentrum.de\/en\/tests-and-exams\/exam-registration\/\">Register now<\/a><\/div><\/div><div class=\"mask-events__row2\"><div class=\"mask-events__c1\"><\/div><div class=\"mask-events__c2\"><div class=\"mask-events__meta\">20.06.2026<\/div><\/div><div class=\"mask-events__c3\"><div class=\"mask-events__meta\">Sat.: 9:00 - 17:00<\/div><\/div><div class=\"mask-events__c4\"><div class=\"mask-events__meta\"><\/div><\/div><div class=\"mask-events__c5 mask-events__statuswrap\"><div class=\"mask-events__status mask-events__status--free\">Places available<\/div><\/div><\/div><\/div><div class=\"mask-events__item\"><div class=\"mask-events__row1\"><div class=\"mask-events__c1\"><div class=\"mask-events__dot\" style=\"background:#2e7d32\"><\/div><\/div><div class=\"mask-events__c2\"><div class=\"mask-events__title\">telc German C1 Hochschule (230,00 \u20ac)<\/div><\/div><div class=\"mask-events__c3\"><\/div><div class=\"mask-events__c4\"><div class=\"mask-events__meta\">Zeltner Str. 19, 90443 Nuremberg<\/div><\/div><div class=\"mask-events__c5 mask-events__cta\"><a class=\"mask-events__btn mask-events__btn--on\" href=\"https:\/\/maskzentrum.de\/en\/tests-and-exams\/exam-registration\/\">Register now<\/a><\/div><\/div><div class=\"mask-events__row2\"><div class=\"mask-events__c1\"><\/div><div class=\"mask-events__c2\"><div class=\"mask-events__meta\">22.05.2026<\/div><\/div><div class=\"mask-events__c3\"><div class=\"mask-events__meta\">9:00 - 17:00<\/div><\/div><div class=\"mask-events__c4\"><div class=\"mask-events__meta\"><\/div><\/div><div class=\"mask-events__c5 mask-events__statuswrap\"><div class=\"mask-events__status mask-events__status--free\">Places available<\/div><\/div><\/div><\/div><div class=\"mask-events__item\"><div class=\"mask-events__row1\"><div class=\"mask-events__c1\"><div class=\"mask-events__dot\" style=\"background:#2e7d32\"><\/div><\/div><div class=\"mask-events__c2\"><div class=\"mask-events__title\">telc German C1 (230,00 \u20ac)<\/div><\/div><div class=\"mask-events__c3\"><\/div><div class=\"mask-events__c4\"><div class=\"mask-events__meta\">Zeltner Str. 19, 90443 Nuremberg<\/div><\/div><div class=\"mask-events__c5 mask-events__cta\"><a class=\"mask-events__btn mask-events__btn--on\" href=\"https:\/\/maskzentrum.de\/en\/tests-and-exams\/exam-registration\/\">Register now<\/a><\/div><\/div><div class=\"mask-events__row2\"><div class=\"mask-events__c1\"><\/div><div class=\"mask-events__c2\"><div class=\"mask-events__meta\">22.05.2026<\/div><\/div><div class=\"mask-events__c3\"><div class=\"mask-events__meta\">9:00 - 17:00<\/div><\/div><div class=\"mask-events__c4\"><div class=\"mask-events__meta\"><\/div><\/div><div class=\"mask-events__c5 mask-events__statuswrap\"><div class=\"mask-events__status mask-events__status--free\">Places available<\/div><\/div><\/div><\/div><\/div>\n\t\t\t\t\t<!-- \/content -->\n\t<!-- \/tabs -->\n<h2>\n\t\t\tOur achievements\t<\/h2>\n\t\t\t\t\t\t\tFilled starFilled starFilled starFilled starFilled star\n\t\t\t\t\t\t<h4 class='uabb-testimonial-author-name testimonial-author-name'>Andrii<\/h4>\t\t\t\t\t\t\t\n\t\t\t\t\t\t<p>Excellent school, there are online lessons. I studied with my daughter and brought my wife. I will continue my studies straight away. In total, our family studied with 5 teachers. Everyone is different and everyone has their own approach. The impressions are great!<\/p>\n\t\t\t\t\t\t\tFilled starFilled starFilled starFilled starFilled star\n\t\t\t\t\t\t<h4 class='uabb-testimonial-author-name testimonial-author-name'>Artsiom<\/h4>\t\t\t\t\t\t\t\n\t\t\t\t\t\t<p>From April to September 2022, I took a C1 German language course in human medicine at the MASK Center Language School. This prepared me very effectively for the specialist language exam in Munich. In September 2022, I successfully passed this difficult exam for the first time. Many thanks to my teachers Ms. P. and Ms. K.!!! \ud83d\ude0a Their lessons were very structured, useful and interesting. I recommend everyone to visit this language school if you want to prepare very well for the FSP!!!\ud83d\udc4d<\/p>\n\t\t\t\t\t\t\tFilled starFilled starFilled starFilled starFilled star\n\t\t\t\t\t\t<h4 class='uabb-testimonial-author-name testimonial-author-name'>Laura<\/h4>\t\t\t\t\t\t\t\n\t\t\t\t\t\t<p>I took the B2 course here and was lucky enough to meet the teacher Mr. F.. He is serious and responsible, explains clearly and encourages every student to participate in class discussions. With his help, I went from initial silence to active speaking and successfully passed the B2 exam, thank you very much! In addition, the school&#8217;s classrooms are bright and clean.<\/p>\n\t<h2>\n\t\t\tOur Locations  \t<\/h2>\n\t<p>Find out about our language courses now with no obligation.<\/p>\n\t<ul>\n\t\t<li>\t\t\t\t\n\t\t<a href=\"https:\/\/maps.app.goo.gl\/iZR6oH3rsNA6TL7M8\" target=\"_blank\" rel=\"noopener nofollow\" aria-label=\"Gehe zu https:\/\/maps.app.goo.gl\/iZR6oH3rsNA6TL7M8\">Rothenburger Str. 245, 90439 Nuremberg<\/a><p><a href=\"tel:+4991160060510\">Phone: +49 (0)911 &#8211; 600 605 10<\/a><\/p>\n<\/li><li>\t\t\t\t\n\t\t<a href=\"https:\/\/maps.app.goo.gl\/yBW2HReGosGC8fkEA\" target=\"_blank\" rel=\"noopener nofollow\" aria-label=\"Gehe zu https:\/\/maps.app.goo.gl\/yBW2HReGosGC8fkEA\">Allersberger Str. 45, 90461 Nuremberg<\/a><p><a href=\"tel:+4991160060520\">Phone: +49 (0)911 &#8211; 600 605 20<\/a><\/p>\n<\/li><li>\t\t\t\t\n\t\t<a href=\"https:\/\/maps.app.goo.gl\/pxUCfiaHLQEFYHrZ6\" target=\"_blank\" rel=\"noopener nofollow\" aria-label=\"Gehe zu https:\/\/maps.app.goo.gl\/pxUCfiaHLQEFYHrZ6\">Zeltnerstr. 19, 90443 Nuremberg<\/a><p><a href=\"tel:+4991124923343\">Phone: +49 (0)911 &#8211; 24 92 33 33 43<\/a><\/p>\n<\/li>\t<\/ul>\n <div class=\"brlbs-cmpnt-container brlbs-cmpnt-content-blocker brlbs-cmpnt-with-individual-styles\" data-borlabs-cookie-content-blocker-id=\"google-maps\" data-borlabs-cookie-content=\"Cg==\"><div class=\"brlbs-cmpnt-cb-preset-b brlbs-cmpnt-cb-google-maps\"> <div class=\"brlbs-cmpnt-cb-thumbnail\" style=\"background-image: url('https:\/\/maskzentrum.de\/wp-content\/uploads\/borlabs-cookie\/1\/brlbs-cb-google-maps-main.png')\"><\/div> <div class=\"brlbs-cmpnt-cb-main\"> <div class=\"brlbs-cmpnt-cb-content\"> <p class=\"brlbs-cmpnt-cb-description\">You are currently viewing a placeholder content from <strong>Google Maps<\/strong>. To access the actual content, click the button below. Please note that doing so will share data with third-party providers.<\/p> <a class=\"brlbs-cmpnt-cb-provider-toggle\" href=\"#\" data-borlabs-cookie-show-provider-information role=\"button\">More Information<\/a> <\/div> <div class=\"brlbs-cmpnt-cb-buttons\"> <a class=\"brlbs-cmpnt-cb-btn\" href=\"#\" data-borlabs-cookie-unblock role=\"button\">Unblock content<\/a> <a class=\"brlbs-cmpnt-cb-btn\" href=\"#\" data-borlabs-cookie-accept-service role=\"button\" style=\"display: inherit\">Accept required service and unblock content<\/a> <\/div> <\/div> <\/div><\/div>\n<h3>\n\t\t\tFrequently Asked Questions\t<\/h3>\n\t\t\t\t\t\tHow much does the course cost?\n\t\t\t<p>Subsidized courses can be free of charge or you can pay a pro rata fee (2.29 EUR\/lesson or 2.56 EUR\/lesson, depending on the level). For individual and company courses, we will agree an individual price with you.<\/p>\n\t\t\t\t\t\tWhere does the course take place?\n\t\t\t<p>Either on site at one of our three locations in Nuremberg or online at your premises.<\/p>\n\t\t\t\t\t\tHow long does a course last?\n\t\t\t<p>A course usually comprises 600 lessons and lasts approx. 6 months. There are also variants with 400 or 500 lessons, which last correspondingly shorter.<\/p>\n\t\t\t\t\t\tHow can I register for the course?\n\t\t\t<p>Call us on +49 (0)911 \/ 600 605 10 or use the <a href=\"\/kontakt\">contact form<\/a>.<\/p>\n\n","protected":false},"excerpt":{"rendered":"","protected":false},"author":3,"featured_media":0,"parent":0,"menu_order":0,"comment_status":"closed","ping_status":"closed","template":"","meta":{"slim_seo":{"title":"telc German C1 (230,00 \u20ac) - MASK Zentrum","description":""},"footnotes":""},"class_list":["post-1876","page","type-page","status-publish","hentry"],"_links":{"self":[{"href":"https:\/\/maskzentrum.de\/en\/wp-json\/wp\/v2\/pages\/1876","targetHints":{"allow":["GET"]}}],"collection":[{"href":"https:\/\/maskzentrum.de\/en\/wp-json\/wp\/v2\/pages"}],"about":[{"href":"https:\/\/maskzentrum.de\/en\/wp-json\/wp\/v2\/types\/page"}],"author":[{"embeddable":true,"href":"https:\/\/maskzentrum.de\/en\/wp-json\/wp\/v2\/users\/3"}],"replies":[{"embeddable":true,"href":"https:\/\/maskzentrum.de\/en\/wp-json\/wp\/v2\/comments?post=1876"}],"version-history":[{"count":6,"href":"https:\/\/maskzentrum.de\/en\/wp-json\/wp\/v2\/pages\/1876\/revisions"}],"predecessor-version":[{"id":5685,"href":"https:\/\/maskzentrum.de\/en\/wp-json\/wp\/v2\/pages\/1876\/revisions\/5685"}],"wp:attachment":[{"href":"https:\/\/maskzentrum.de\/en\/wp-json\/wp\/v2\/media?parent=1876"}],"curies":[{"name":"wp","href":"https:\/\/api.w.org\/{rel}","templated":true}]}}