{"id":1888,"date":"2024-06-28T12:09:46","date_gmt":"2024-06-28T10:09:46","guid":{"rendered":"https:\/\/maskzentrum.de\/medizin"},"modified":"2026-04-24T11:39:51","modified_gmt":"2026-04-24T09:39:51","slug":"medicine","status":"publish","type":"page","link":"https:\/\/maskzentrum.de\/en\/german-courses\/medicine\/","title":{"rendered":"C1 Medicine (FSP)"},"content":{"rendered":"\n<h1  data-animation-delay=\"0\" data-animation-duration=\"1\">\n\t\t\tGerman C1 Medicine <br \/>(FSP-Preparation) \t<\/h1>\n<figure data-animation-delay=\"0.5\" data-animation-duration=\"2\">\n\t\t\t\t<img decoding=\"async\" src=\"https:\/\/maskzentrum.de\/wp-content\/uploads\/c1-medizin-kurs-fachsprachpruefung.webp\" alt=\"C1 Medizin Deutschkurs zur Vorbereitung auf die Fachsprachpr\u00fcfung f\u00fcr internationale \u00c4rztinnen und \u00c4rzte in N\u00fcrnberg\" height=\"464\" width=\"750\" title=\"c1-medizin-kurs-fachsprachpruefung\" onerror=\"this.style.display='none'\" loading=\"lazy\" \/>\n\t<\/figure>\n\t<strong>Would you like to work as a doctor in Germany?<\/strong><br \/>\nOur classroom course to prepare for the FSP will provide you with optimal support!\n<h2>\n\t\t\tKey Information \t<\/h2>\n\t\t\t\t<img decoding=\"async\" src=\"https:\/\/maskzentrum.de\/wp-content\/uploads\/icon_kursdaten_dauer.svg\" alt=\"icon_kursdaten_dauer\" title=\"icon_kursdaten_dauer\" itemprop=\"image\"\/>\n\t\t\t<h4>Duration:<\/h4>\t\t\t\n\t\t\t\t<p>600 TU* (approx. 6 months)<\/p>\n\t\t\t\t<img decoding=\"async\" src=\"https:\/\/maskzentrum.de\/wp-content\/uploads\/icon_kursdaten_zeit.svg\" alt=\"icon_kursdaten_zeit\" title=\"icon_kursdaten_zeit\" itemprop=\"image\"\/>\n\t\t\t<h4>Time:<\/h4>\t\t\t\n\t\t\t\t<p>Monday-Friday, daily 4 to 5 TU* (morning, afternoon or evening)<\/p>\n\t\t\t\t<img decoding=\"async\" src=\"https:\/\/maskzentrum.de\/wp-content\/uploads\/icon_kursdaten_form.svg\" alt=\"icon_kursdaten_form\" title=\"icon_kursdaten_form\" itemprop=\"image\"\/>\n\t\t\t<h4>Course Type: <\/h4>\t\t\t\n\t\t\t\t<p>Face-to-face teaching on site<\/p>\n\t\t\t\t<img decoding=\"async\" src=\"https:\/\/maskzentrum.de\/wp-content\/uploads\/icon_kursdaten_teilnehmende.svg\" alt=\"icon_kursdaten_teilnehmende\" title=\"icon_kursdaten_teilnehmende\" itemprop=\"image\"\/>\n\t\t\t<h4>Participants:<\/h4>\t\t\t\n\t\t\t\t<p>8-20 people<\/p>\n\t\t\t\t<img decoding=\"async\" src=\"https:\/\/maskzentrum.de\/wp-content\/uploads\/icon_kursdaten_zielniveau.svg\" alt=\"icon_kursdaten_zielniveau\" title=\"icon_kursdaten_zielniveau\" itemprop=\"image\"\/>\n\t\t\t<h4>Target Level:<\/h4>\t\t\t\n\t\t\t\t<p>C1 (Fachsprachenpr\u00fcfung)<\/p>\n\t\t\t\t<img decoding=\"async\" src=\"https:\/\/maskzentrum.de\/wp-content\/uploads\/icon_kursdaten_preis.svg\" alt=\"icon_kursdaten_preis\" title=\"icon_kursdaten_preis\" itemprop=\"image\"\/>\n\t\t\t<h4>Price:<\/h4>\t\t\t\n\t\t\t\t<p>Free of charge (subsidized) or pro rata cost contribution (2.56 EUR\/TU*)<\/p>\n\t<p>* 1 TU = 1 teaching unit = 45 minutes<\/p>\n\t\t<nav>\n\t\t\t<ul>\n\t\t\t\t\t\t\t\t<li data-index=\"0\" tabindex=\"0\">\n\t\t\t\t\t<h4>\n\t\t\t\t\t\t<a href=\"javascript:void(0);\" tabindex=\"-1\">Overview\n\t\t\t\t\t\t\t\t\t\t\t\t<\/a>\n\t\t\t\t\t<\/h4>\n\t\t\t\t<\/li>\n\t\t\t\t\t\t\t\t<li data-index=\"1\" tabindex=\"0\">\n\t\t\t\t\t<h4>\n\t\t\t\t\t\t<a href=\"javascript:void(0);\" tabindex=\"-1\">Participation Requirements\n\t\t\t\t\t\t\t\t\t\t\t\t<\/a>\n\t\t\t\t\t<\/h4>\n\t\t\t\t<\/li>\n\t\t\t\t\t\t\t\t<li data-index=\"2\" tabindex=\"0\">\n\t\t\t\t\t<h4>\n\t\t\t\t\t\t<a href=\"javascript:void(0);\" tabindex=\"-1\">Course Content \n\t\t\t\t\t\t\t\t\t\t\t\t<\/a>\n\t\t\t\t\t<\/h4>\n\t\t\t\t<\/li>\n\t\t\t\t\t\t\t\t<li data-index=\"3\" tabindex=\"0\">\n\t\t\t\t\t<h4>\n\t\t\t\t\t\t<a href=\"javascript:void(0);\" tabindex=\"-1\">Our Teaching Concept\n\t\t\t\t\t\t\t\t\t\t\t\t<\/a>\n\t\t\t\t\t<\/h4>\n\t\t\t\t<\/li>\n\t\t\t\t\t\t\t<\/ul>\n\t\t<\/nav>\n\t\t\t\t\t<h4>\n\t\t\t\t\t\t\t\t\t\t\t\tOverview\n\t\t\t\t\t\t\t\t\t\t\t<\/h4>\n\t\t\t\t\t<div class=\"fl-builder-content fl-builder-content-2100 fl-builder-template fl-builder-row-template fl-builder-global-templates-locked\" data-post-id=\"2100\"><div class=\"fl-row fl-row-full-width fl-row-bg-none fl-node-s5pofaenj21b fl-row-default-height fl-row-align-center\" data-node=\"s5pofaenj21b\">\n\t<div class=\"fl-row-content-wrap\">\n\t\t\t\t\t\t<div class=\"fl-row-content fl-row-fixed-width fl-node-content\">\n\t\t\n<div class=\"fl-col-group fl-node-j4fc3ph8tq12 fl-col-group-custom-width\" data-node=\"j4fc3ph8tq12\">\n\t\t\t<div class=\"fl-col fl-node-30jai285zeok fl-col-bg-color fl-col-small-custom-width\" data-node=\"30jai285zeok\">\n\t<div class=\"fl-col-content fl-node-content\"><div class=\"fl-module fl-module-rich-text fl-node-fpc9ge3n1k5r\" data-node=\"fpc9ge3n1k5r\">\n\t<div class=\"fl-module-content fl-node-content\">\n\t\t<div class=\"fl-rich-text\">\n\t<p>With our state-subsidized German courses in the special module \u201cAcademic Healthcare Professions\u201d, you can prepare professionally and effectively for the Fachsprachenpr\u00fcfung (FSP) of your respective state medical association (all federal states). If you are a doctor, are in the process of having your foreign professional qualification recognized and intend to take an examination to prove your professional language skills, then this type of course is just right for you. <\/p>\n<\/div>\n\t<\/div>\n<\/div>\n<\/div>\n<\/div>\n\t\t\t<div class=\"fl-col fl-node-csoevqhn9g8z fl-col-bg-color fl-col-small fl-col-small-custom-width\" data-node=\"csoevqhn9g8z\">\n\t<div class=\"fl-col-content fl-node-content\"><div class=\"fl-module fl-module-info-box fl-node-xz8qsmj7fwl9\" data-node=\"xz8qsmj7fwl9\">\n\t<div class=\"fl-module-content fl-node-content\">\n\t\t<div class=\"uabb-module-content uabb-infobox infobox-left infobox-has-photo infobox-photo-left \">\n\t<div class=\"uabb-infobox-left-right-wrap\">\n\t<a href=\"https:\/\/maskzentrum.de\/en\/online-courses\/medicine\" target=\"_self\"  class=\"uabb-infobox-module-link\" aria-label=\"Go to https:\/\/maskzentrum.de\/en\/online-courses\/medicine\"><\/a><div class=\"uabb-module-content uabb-imgicon-wrap\">\t\t\n\t\t\t\t\t<div class=\"uabb-image\n\t\t uabb-image-crop-simple\t\t\" itemscope itemtype=\"https:\/\/schema.org\/ImageObject\">\n\t\t\t<div class=\"uabb-image-content\">\n\t\t\t\t<img decoding=\"async\" class=\"uabb-photo-img wp-image-1038 size-full\" src=\"https:\/\/maskzentrum.de\/wp-content\/uploads\/icon_praesenzkurse.svg\" alt=\"icon_praesenzkurse\" title=\"icon_praesenzkurse\" itemprop=\"image\"\/>\n\t\t\t<\/div>\n\t\t<\/div>\n\n\t\t<\/div><div class=\"uabb-infobox-content\">\n\t\t\t<div class='uabb-infobox-title-wrap'><p class=\"uabb-infobox-title\">This FSP preparation course takes place as face-to-face instruction on site.<\/p><\/div>\t\t\t<div class=\"uabb-infobox-text-wrap\">\n\t\t\t\t<div class=\"uabb-infobox-text uabb-text-editor\"><p>You can find more information about this FSP preparation course as an online language course via video conference (virtual classroom) here.<\/p>\n<\/div>\t\t\t<\/div>\n\t\t\t\t\t\t<\/div>\t<\/div>\n<\/div>\n\t<\/div>\n<\/div>\n<\/div>\n<\/div>\n\t<\/div>\n\t\t<\/div>\n\t<\/div>\n<\/div>\n<\/div><div class=\"uabb-js-breakpoint\" style=\"display: none;\"><\/div>\t\t\t\t\n\t\t\t\t\t<h4>\n\t\t\t\t\t\t\t\t\t\t\t\tParticipation Requirements\n\t\t\t\t\t\t\t\t\t\t\t<\/h4>\n\t\t\t\t\t<div class=\"fl-builder-content fl-builder-content-2242 fl-builder-template fl-builder-row-template fl-builder-global-templates-locked\" data-post-id=\"2242\"><div class=\"fl-row fl-row-full-width fl-row-bg-none fl-node-7w9812uqgfyx fl-row-default-height fl-row-align-center\" data-node=\"7w9812uqgfyx\">\n\t<div class=\"fl-row-content-wrap\">\n\t\t\t\t\t\t<div class=\"fl-row-content fl-row-fixed-width fl-node-content\">\n\t\t\n<div class=\"fl-col-group fl-node-6yvjxpte43gz\" data-node=\"6yvjxpte43gz\">\n\t\t\t<div class=\"fl-col fl-node-xhonq3481umg fl-col-bg-color\" data-node=\"xhonq3481umg\">\n\t<div class=\"fl-col-content fl-node-content\"><div class=\"fl-module fl-module-rich-text fl-node-p7k8tcvjifu2\" data-node=\"p7k8tcvjifu2\">\n\t<div class=\"fl-module-content fl-node-content\">\n\t\t<div class=\"fl-rich-text\">\n\t<p>You are an immigrant with a first language other than German and:<\/p>\n<\/div>\n\t<\/div>\n<\/div>\n<\/div>\n<\/div>\n\t<\/div>\n\n<div class=\"fl-col-group fl-node-d3ksmqtui49j\" data-node=\"d3ksmqtui49j\">\n\t\t\t<div class=\"fl-col fl-node-3qezvd0j6a7f fl-col-bg-color fl-col-small\" data-node=\"3qezvd0j6a7f\">\n\t<div class=\"fl-col-content fl-node-content\"><div class=\"fl-module fl-module-info-box fl-node-lnburf91whzi\" data-node=\"lnburf91whzi\">\n\t<div class=\"fl-module-content fl-node-content\">\n\t\t<div class=\"uabb-module-content uabb-infobox infobox-left infobox-has-icon infobox-icon-left-title \">\n\t<div class=\"uabb-infobox-left-right-wrap\">\n\t<div class=\"uabb-infobox-content\">\n\t\t\t<div class=\"left-title-image\"><div class=\"uabb-module-content uabb-imgicon-wrap\">\t\t\t\t<span class=\"uabb-icon-wrap\">\n\t\t\t<span class=\"uabb-icon\">\n\t\t\t<i class=\"ua-icon ua-icon-circle-check\" aria-hidden=\"true\"><\/i>\n\t\t\t<\/span>\n\t\t<\/span>\n\t\n\t\t<\/div><div class='uabb-infobox-title-wrap'><p class=\"uabb-infobox-title\">have completed a degree in human medicine in your home country<\/p><\/div><\/div>\t\t<\/div>\t<\/div>\n<\/div>\n\t<\/div>\n<\/div>\n<div class=\"fl-module fl-module-info-box fl-node-jpmoaf5gh9wt\" data-node=\"jpmoaf5gh9wt\">\n\t<div class=\"fl-module-content fl-node-content\">\n\t\t<div class=\"uabb-module-content uabb-infobox infobox-left infobox-has-icon infobox-icon-left-title \">\n\t<div class=\"uabb-infobox-left-right-wrap\">\n\t<div class=\"uabb-infobox-content\">\n\t\t\t<div class=\"left-title-image\"><div class=\"uabb-module-content uabb-imgicon-wrap\">\t\t\t\t<span class=\"uabb-icon-wrap\">\n\t\t\t<span class=\"uabb-icon\">\n\t\t\t<i class=\"ua-icon ua-icon-circle-check\" aria-hidden=\"true\"><\/i>\n\t\t\t<\/span>\n\t\t<\/span>\n\t\n\t\t<\/div><div class='uabb-infobox-title-wrap'><p class=\"uabb-infobox-title\">have a certificate of general or subject-specific German language proficiency at language level B2<\/p><\/div><\/div>\t\t<\/div>\t<\/div>\n<\/div>\n\t<\/div>\n<\/div>\n<\/div>\n<\/div>\n\t\t\t<div class=\"fl-col fl-node-v1anm34r608z fl-col-bg-color fl-col-small\" data-node=\"v1anm34r608z\">\n\t<div class=\"fl-col-content fl-node-content\"><div class=\"fl-module fl-module-info-box fl-node-l07p9kcf634s\" data-node=\"l07p9kcf634s\">\n\t<div class=\"fl-module-content fl-node-content\">\n\t\t<div class=\"uabb-module-content uabb-infobox infobox-left infobox-has-icon infobox-icon-left-title \">\n\t<div class=\"uabb-infobox-left-right-wrap\">\n\t<div class=\"uabb-infobox-content\">\n\t\t\t<div class=\"left-title-image\"><div class=\"uabb-module-content uabb-imgicon-wrap\">\t\t\t\t<span class=\"uabb-icon-wrap\">\n\t\t\t<span class=\"uabb-icon\">\n\t\t\t<i class=\"ua-icon ua-icon-circle-check\" aria-hidden=\"true\"><\/i>\n\t\t\t<\/span>\n\t\t<\/span>\n\t\n\t\t<\/div><div class='uabb-infobox-title-wrap'><p class=\"uabb-infobox-title\">aspire to work as a doctor in Germany<\/p><\/div><\/div>\t\t<\/div>\t<\/div>\n<\/div>\n\t<\/div>\n<\/div>\n<div class=\"fl-module fl-module-info-box fl-node-1vujtlaopr9k\" data-node=\"1vujtlaopr9k\">\n\t<div class=\"fl-module-content fl-node-content\">\n\t\t<div class=\"uabb-module-content uabb-infobox infobox-left infobox-has-icon infobox-icon-left-title \">\n\t<div class=\"uabb-infobox-left-right-wrap\">\n\t<div class=\"uabb-infobox-content\">\n\t\t\t<div class=\"left-title-image\"><div class=\"uabb-module-content uabb-imgicon-wrap\">\t\t\t\t<span class=\"uabb-icon-wrap\">\n\t\t\t<span class=\"uabb-icon\">\n\t\t\t<i class=\"ua-icon ua-icon-circle-check\" aria-hidden=\"true\"><\/i>\n\t\t\t<\/span>\n\t\t<\/span>\n\t\n\t\t<\/div><div class='uabb-infobox-title-wrap'><p class=\"uabb-infobox-title\">intend to apply to the relevant state authorities for a license to practice medicine as part of the recognition of your profession<\/p><\/div><\/div>\t\t<\/div>\t<\/div>\n<\/div>\n\t<\/div>\n<\/div>\n<\/div>\n<\/div>\n\t<\/div>\n\t\t<\/div>\n\t<\/div>\n<\/div>\n<\/div><div class=\"uabb-js-breakpoint\" style=\"display: none;\"><\/div>\t\t\t\t\n\t\t\t\t\t<h4>\n\t\t\t\t\t\t\t\t\t\t\t\tCourse Content \n\t\t\t\t\t\t\t\t\t\t\t<\/h4>\n\t\t\t\t\t<div class=\"fl-builder-content fl-builder-content-2219 fl-builder-template fl-builder-row-template fl-builder-global-templates-locked\" data-post-id=\"2219\"><div class=\"fl-row fl-row-full-width fl-row-bg-none fl-node-pn8i4yojwlth fl-row-default-height fl-row-align-center\" data-node=\"pn8i4yojwlth\">\n\t<div class=\"fl-row-content-wrap\">\n\t\t\t\t\t\t<div class=\"fl-row-content fl-row-fixed-width fl-node-content\">\n\t\t\n<div class=\"fl-col-group fl-node-jqxh06olead1\" data-node=\"jqxh06olead1\">\n\t\t\t<div class=\"fl-col fl-node-if31hvpqe4bx fl-col-bg-color\" data-node=\"if31hvpqe4bx\">\n\t<div class=\"fl-col-content fl-node-content\"><div class=\"fl-module fl-module-rich-text fl-node-lqzpfxrhdt0e\" data-node=\"lqzpfxrhdt0e\">\n\t<div class=\"fl-module-content fl-node-content\">\n\t\t<div class=\"fl-rich-text\">\n\t<p>The special module \u201cAcademic Healthcare Professions\u201d teaches general and specialist language skills in a medical context, i.e. using topics that are particularly relevant to the areas of doctor\/physician communication, doctor\/patient communication, team communication and written documentation.<\/p>\n<p>Specific course content includes, for example:<\/p>\n<\/div>\n\t<\/div>\n<\/div>\n<\/div>\n<\/div>\n\t<\/div>\n\n<div class=\"fl-col-group fl-node-apob5d8nex1q\" data-node=\"apob5d8nex1q\">\n\t\t\t<div class=\"fl-col fl-node-3tjmlpd6o8qr fl-col-bg-color fl-col-small\" data-node=\"3tjmlpd6o8qr\">\n\t<div class=\"fl-col-content fl-node-content\"><div class=\"fl-module fl-module-info-box fl-node-qdikx0n4c9mz\" data-node=\"qdikx0n4c9mz\">\n\t<div class=\"fl-module-content fl-node-content\">\n\t\t<div class=\"uabb-module-content uabb-infobox infobox-left infobox-has-icon infobox-icon-left-title \">\n\t<div class=\"uabb-infobox-left-right-wrap\">\n\t<div class=\"uabb-infobox-content\">\n\t\t\t<div class=\"left-title-image\"><div class=\"uabb-module-content uabb-imgicon-wrap\">\t\t\t\t<span class=\"uabb-icon-wrap\">\n\t\t\t<span class=\"uabb-icon\">\n\t\t\t<i class=\"ua-icon ua-icon-circle-check\" aria-hidden=\"true\"><\/i>\n\t\t\t<\/span>\n\t\t<\/span>\n\t\n\t\t<\/div><div class='uabb-infobox-title-wrap'><p class=\"uabb-infobox-title\">taking a patient's medical history (taking a medical history)<\/p><\/div><\/div>\t\t<\/div>\t<\/div>\n<\/div>\n\t<\/div>\n<\/div>\n<div class=\"fl-module fl-module-info-box fl-node-7ym0cua4wg3s\" data-node=\"7ym0cua4wg3s\">\n\t<div class=\"fl-module-content fl-node-content\">\n\t\t<div class=\"uabb-module-content uabb-infobox infobox-left infobox-has-icon infobox-icon-left-title \">\n\t<div class=\"uabb-infobox-left-right-wrap\">\n\t<div class=\"uabb-infobox-content\">\n\t\t\t<div class=\"left-title-image\"><div class=\"uabb-module-content uabb-imgicon-wrap\">\t\t\t\t<span class=\"uabb-icon-wrap\">\n\t\t\t<span class=\"uabb-icon\">\n\t\t\t<i class=\"ua-icon ua-icon-circle-check\" aria-hidden=\"true\"><\/i>\n\t\t\t<\/span>\n\t\t<\/span>\n\t\n\t\t<\/div><div class='uabb-infobox-title-wrap'><p class=\"uabb-infobox-title\">presenting patients and their medical history both orally and in writing using medical terminology (written and oral communication with colleagues)<\/p><\/div><\/div>\t\t<\/div>\t<\/div>\n<\/div>\n\t<\/div>\n<\/div>\n<\/div>\n<\/div>\n\t\t\t<div class=\"fl-col fl-node-adkuhi4yvclp fl-col-bg-color fl-col-small\" data-node=\"adkuhi4yvclp\">\n\t<div class=\"fl-col-content fl-node-content\"><div class=\"fl-module fl-module-info-box fl-node-7h2e465psmig\" data-node=\"7h2e465psmig\">\n\t<div class=\"fl-module-content fl-node-content\">\n\t\t<div class=\"uabb-module-content uabb-infobox infobox-left infobox-has-icon infobox-icon-left \">\n\t<div class=\"uabb-infobox-left-right-wrap\">\n\t<div class=\"uabb-module-content uabb-imgicon-wrap\">\t\t\t\t<span class=\"uabb-icon-wrap\">\n\t\t\t<span class=\"uabb-icon\">\n\t\t\t<i class=\"ua-icon ua-icon-circle-check\" aria-hidden=\"true\"><\/i>\n\t\t\t<\/span>\n\t\t<\/span>\n\t\n\t\t<\/div><div class=\"uabb-infobox-content\">\n\t\t\t<div class='uabb-infobox-title-wrap'><p class=\"uabb-infobox-title\">making diagnoses (physical examination, laboratory tests, instrumental examinations) and explaining them to patient<\/p><\/div>\t\t<\/div>\t<\/div>\n<\/div>\n\t<\/div>\n<\/div>\n<div class=\"fl-module fl-module-info-box fl-node-5pr6f4a0bm3y\" data-node=\"5pr6f4a0bm3y\">\n\t<div class=\"fl-module-content fl-node-content\">\n\t\t<div class=\"uabb-module-content uabb-infobox infobox-left infobox-has-icon infobox-icon-left-title \">\n\t<div class=\"uabb-infobox-left-right-wrap\">\n\t<div class=\"uabb-infobox-content\">\n\t\t\t<div class=\"left-title-image\"><div class=\"uabb-module-content uabb-imgicon-wrap\">\t\t\t\t<span class=\"uabb-icon-wrap\">\n\t\t\t<span class=\"uabb-icon\">\n\t\t\t<i class=\"ua-icon ua-icon-circle-check\" aria-hidden=\"true\"><\/i>\n\t\t\t<\/span>\n\t\t<\/span>\n\t\n\t\t<\/div><div class='uabb-infobox-title-wrap'><p class=\"uabb-infobox-title\">recommending and justifying therapies and using German terms and medical vocabulary as appropriate to the situation.<\/p><\/div><\/div>\t\t<\/div>\t<\/div>\n<\/div>\n\t<\/div>\n<\/div>\n<\/div>\n<\/div>\n\t<\/div>\n\n<div class=\"fl-col-group fl-node-qydbew7ztk1c\" data-node=\"qydbew7ztk1c\">\n\t\t\t<div class=\"fl-col fl-node-km9db0nlrgjy fl-col-bg-color\" data-node=\"km9db0nlrgjy\">\n\t<div class=\"fl-col-content fl-node-content\"><div class=\"fl-module fl-module-rich-text fl-node-krnefbtw48xz\" data-node=\"krnefbtw48xz\">\n\t<div class=\"fl-module-content fl-node-content\">\n\t\t<div class=\"fl-rich-text\">\n\t<p>Small courses (8-20 participants) are formed for each professional group.<\/p>\n<p><a style=\"color: #d88500;\" href=\"https:\/\/maskzentrum.de\/en\/tests-and-exams\"><strong>The special module concludes with the cumpolsory professional language exam (Fachsprachenpr\u00fcfung\/FSP), for which you will be intensively prepared in the language course.<\/strong><\/a><\/p>\n<\/div>\n\t<\/div>\n<\/div>\n<\/div>\n<\/div>\n\t<\/div>\n\t\t<\/div>\n\t<\/div>\n<\/div>\n<\/div><div class=\"uabb-js-breakpoint\" style=\"display: none;\"><\/div>\t\t\t\t\n\t\t\t\t\t<h4>\n\t\t\t\t\t\t\t\t\t\t\t\tOur Teaching Concept\n\t\t\t\t\t\t\t\t\t\t\t<\/h4>\n\t\t\t\t\t<div class=\"fl-builder-content fl-builder-content-2287 fl-builder-template fl-builder-row-template fl-builder-global-templates-locked\" data-post-id=\"2287\"><div class=\"fl-row fl-row-full-width fl-row-bg-color fl-node-84qsd62j57po fl-row-default-height fl-row-align-center\" data-node=\"84qsd62j57po\">\n\t<div class=\"fl-row-content-wrap\">\n\t\t\t\t\t\t<div class=\"fl-row-content fl-row-fixed-width fl-node-content\">\n\t\t\n<div class=\"fl-col-group fl-node-4rqukgt7vd2f\" data-node=\"4rqukgt7vd2f\">\n\t\t\t<div class=\"fl-col fl-node-lifjxtncbsq3 fl-col-bg-color\" data-node=\"lifjxtncbsq3\">\n\t<div class=\"fl-col-content fl-node-content\"><div class=\"fl-module fl-module-rich-text fl-node-nth6w8rspo7i\" data-node=\"nth6w8rspo7i\">\n\t<div class=\"fl-module-content fl-node-content\">\n\t\t<div class=\"fl-rich-text\">\n\t<p>Our face-to-face courses in human medicine are based on a comprehensive curriculum, which we have repeatedly adapted over the years to meet the current challenges of the medical profession. We use specially developed teaching materials to ensure individual and targeted learning.<\/p>\n<p>The courses conclude with the prescribed Fachsprachenpr\u00fcfung of your responsible state medical association, for which you will be intensively prepared here.<\/p>\n<\/div>\n\t<\/div>\n<\/div>\n<\/div>\n<\/div>\n\t<\/div>\n\n<div class=\"fl-col-group fl-node-1nu4rkbfhyw2 fl-col-group-custom-width\" data-node=\"1nu4rkbfhyw2\">\n\t\t\t<div class=\"fl-col fl-node-29mcd8hzi4sj fl-col-bg-color fl-col-small-custom-width fl-col-has-cols\" data-node=\"29mcd8hzi4sj\">\n\t<div class=\"fl-col-content fl-node-content\">\n<div class=\"fl-col-group fl-node-wmtdcbysu4j8 fl-col-group-nested fl-col-group-equal-height fl-col-group-align-top fl-col-group-custom-width\" data-node=\"wmtdcbysu4j8\">\n\t\t\t<div class=\"fl-col fl-node-yb6kmhjq5x4e fl-col-bg-color fl-col-small fl-col-small-custom-width\" data-node=\"yb6kmhjq5x4e\">\n\t<div class=\"fl-col-content fl-node-content\"><div class=\"fl-module fl-module-photo fl-node-x62mj39wkq4d mobile-imagecrop roundcorners-tr\" data-node=\"x62mj39wkq4d\">\n\t<div class=\"fl-module-content fl-node-content\">\n\t\t<div role=\"figure\" class=\"fl-photo fl-photo-align-right\">\n\t<div class=\"fl-photo-content fl-photo-img-webp\">\n\t\t\t\t<img loading=\"lazy\" decoding=\"async\" class=\"fl-photo-img wp-image-587 size-full\" src=\"https:\/\/maskzentrum.de\/wp-content\/uploads\/c1_medizin_lernkonzept-jpg.webp\" alt=\"M\u00e4nnliche Lehrkraft sitzt mit einem Notizbuch und einem Kugelschreiber auf einem Lehrerpult und sieht eine Sch\u00fclerin an.\" height=\"794\" width=\"596\" title=\"Bild Lernkonzept\"  itemprop=\"image\" srcset=\"https:\/\/maskzentrum.de\/wp-content\/uploads\/c1_medizin_lernkonzept-jpg.webp 596w, https:\/\/maskzentrum.de\/wp-content\/uploads\/c1_medizin_lernkonzept-225x300.webp 225w, https:\/\/maskzentrum.de\/wp-content\/uploads\/c1_medizin_lernkonzept-113x150.webp 113w\" sizes=\"auto, (max-width: 596px) 100vw, 596px\" \/>\n\t\t\t\t\t<\/div>\n\t<\/div>\n\t<\/div>\n<\/div>\n<\/div>\n<\/div>\n\t\t\t<div class=\"fl-col fl-node-s9yoa5rvzg0i fl-col-bg-color fl-col-small-custom-width\" data-node=\"s9yoa5rvzg0i\">\n\t<div class=\"fl-col-content fl-node-content\"><div class=\"fl-module fl-module-info-box fl-node-jkdcum9iz4ob\" data-node=\"jkdcum9iz4ob\">\n\t<div class=\"fl-module-content fl-node-content\">\n\t\t<div class=\"uabb-module-content uabb-infobox infobox-left infobox-has-photo infobox-photo-left \">\n\t<div class=\"uabb-infobox-left-right-wrap\">\n\t<div class=\"uabb-module-content uabb-imgicon-wrap\">\t\t\n\t\t\t\t\t<div class=\"uabb-image\n\t\t uabb-image-crop-simple\t\t\" itemscope itemtype=\"https:\/\/schema.org\/ImageObject\">\n\t\t\t<div class=\"uabb-image-content\">\n\t\t\t\t<img decoding=\"async\" class=\"uabb-photo-img wp-image-582 size-full\" src=\"https:\/\/maskzentrum.de\/wp-content\/uploads\/icon_lernkonzept_01.svg\" alt=\"icon_lernkonzept_01\" title=\"icon_lernkonzept_01\" itemprop=\"image\"\/>\n\t\t\t<\/div>\n\t\t<\/div>\n\n\t\t<\/div><div class=\"uabb-infobox-content\">\n\t\t\t<div class='uabb-infobox-title-wrap'><h4 class=\"uabb-infobox-title\">Certified language lecturers<\/h4><\/div>\t\t\t<div class=\"uabb-infobox-text-wrap\">\n\t\t\t\t<div class=\"uabb-infobox-text uabb-text-editor\"><p>Our colleagues have extensive knowledge in the teaching of medical terminology and some have already worked in hospitals themselves.<\/p>\n<\/div>\t\t\t<\/div>\n\t\t\t\t\t\t<\/div>\t<\/div>\n<\/div>\n\t<\/div>\n<\/div>\n<div class=\"fl-module fl-module-info-box fl-node-0eakbqlus4jp\" data-node=\"0eakbqlus4jp\">\n\t<div class=\"fl-module-content fl-node-content\">\n\t\t<div class=\"uabb-module-content uabb-infobox infobox-left infobox-has-photo infobox-photo-left \">\n\t<div class=\"uabb-infobox-left-right-wrap\">\n\t<div class=\"uabb-module-content uabb-imgicon-wrap\">\t\t\n\t\t\t\t\t<div class=\"uabb-image\n\t\t uabb-image-crop-simple\t\t\" itemscope itemtype=\"https:\/\/schema.org\/ImageObject\">\n\t\t\t<div class=\"uabb-image-content\">\n\t\t\t\t<img decoding=\"async\" class=\"uabb-photo-img wp-image-583 size-full\" src=\"https:\/\/maskzentrum.de\/wp-content\/uploads\/icon_lernkonzept_02.svg\" alt=\"icon_lernkonzept_02\" title=\"icon_lernkonzept_02\" itemprop=\"image\"\/>\n\t\t\t<\/div>\n\t\t<\/div>\n\n\t\t<\/div><div class=\"uabb-infobox-content\">\n\t\t\t<div class='uabb-infobox-title-wrap'><h4 class=\"uabb-infobox-title\">Specialized lecturers with practical experience<\/h4><\/div>\t\t\t<div class=\"uabb-infobox-text-wrap\">\n\t\t\t\t<div class=\"uabb-infobox-text uabb-text-editor\"><p>We employ practicing doctors with many years of professional experience to supplement our teaching. Our specialist lecturers provide participants with authentic insights into the German way of working and prepare them intensively for the Fachsprachenpr\u00fcfung and the complex communicative requirements of everyday medical work in conversation simulations.<\/p>\n<\/div>\t\t\t<\/div>\n\t\t\t\t\t\t<\/div>\t<\/div>\n<\/div>\n\t<\/div>\n<\/div>\n<\/div>\n<\/div>\n\t<\/div>\n<\/div>\n<\/div>\n\t<\/div>\n\t\t<\/div>\n\t<\/div>\n<\/div>\n<\/div><div class=\"uabb-js-breakpoint\" style=\"display: none;\"><\/div>\t\t\t\t\n\t\t\t\t\t<!-- \/content -->\n\t<!-- \/tabs -->\n\t\t\t<a href=\"https:\/\/maskzentrum.de\/en\/course-registration\/?kurs=c1-medizin&#038;art=praesenzkurs\"  target=\"_self\">\n\t\t\t\t\t\t\tRegister for this course!\n\t\t\t<\/a>\n<h2>\n\t\t\tReviews\t<\/h2>\n\t\t\t\t\t\t\t\t<h4 class='uabb-testimonial-author-name testimonial-author-name'>Gabriele:<\/h4>\t\t\t\t\t\t\t\t\n\t\t\t\t\t\t\tFilled starFilled starFilled starFilled starFilled star\n\t\t\t\t\t\t\t<p>I would like to thank the staff and teachers of the Mask Center very much. I attended the C1 Medicine class and I am very glad that I chose this school. Thank you Mrs. K., Mr. B. for the interesting and funny lessons. Thanks to the good preparation and the excellent lecturers (Prof. K. and Prof. B.) I attended the C1 Medicine course and passed the exam (FSP). Maximum availability to meet all, really all needs! I also recommend it for German courses from A1, my classmates found it very good (original) I would like to thank the staff and teachers of the Mask center. I attended the C1 Medicine class and I am very happy that I chose this school. Thank you Mrs. K., Mr. B. for the interesting and funny lessons.<\/p>\n\t<h2>\n\t\t\tCurrent dates\t<\/h2>\n\t<div class=\"mask-events\"><div class=\"mask-events__item\"><div class=\"mask-events__row1\"><div class=\"mask-events__c1\"><div class=\"mask-events__dot\" style=\"background:#2e7d32\"><\/div><\/div><div class=\"mask-events__c2\"><div class=\"mask-events__title\">C1 Academic health professionals: Medicine<\/div><\/div><div class=\"mask-events__c3\"><\/div><div class=\"mask-events__c4\"><div class=\"mask-events__meta mask-events__type-line\"><strong>Face-to-face<\/strong><span class=\"mask-events__location\"> \u2013 Zeltner Str. 19, 90443 Nuremberg<\/span><\/div><\/div><div class=\"mask-events__c5 mask-events__cta\"><a class=\"mask-events__btn mask-events__btn--on\" href=\"https:\/\/maskzentrum.de\/en\/course-registration\/?kurs=c1-medizin&#038;art=praesenzkurs\">Register now<\/a><\/div><\/div><div class=\"mask-events__row2\"><div class=\"mask-events__c1\"><\/div><div class=\"mask-events__c2\"><div class=\"mask-events__meta\">16.06.2026 \u2013 30.11.2026<span style=\"color:#cc0101\">*<\/span><\/div><\/div><div class=\"mask-events__c3\"><div class=\"mask-events__meta\">Mon.-Fri.: 8:30 - 12:35<\/div><\/div><div class=\"mask-events__c4\"><div class=\"mask-events__meta\">25 TU\/week (600 TU)<span style=\"color:#cc0101\">**<\/span><\/div><\/div><div class=\"mask-events__c5 mask-events__statuswrap\"><div class=\"mask-events__status mask-events__status--free\">Places available<\/div><\/div><\/div><\/div><div class=\"mask-events__item\"><div class=\"mask-events__row1\"><div class=\"mask-events__c1\"><div class=\"mask-events__dot\" style=\"background:#2e7d32\"><\/div><\/div><div class=\"mask-events__c2\"><div class=\"mask-events__title\">C1 Academic health professionals: Medicine<\/div><\/div><div class=\"mask-events__c3\"><\/div><div class=\"mask-events__c4\"><div class=\"mask-events__meta mask-events__type-line\"><strong>Online<\/strong><\/div><\/div><div class=\"mask-events__c5 mask-events__cta\"><a class=\"mask-events__btn mask-events__btn--on\" href=\"https:\/\/maskzentrum.de\/en\/course-registration\/?kurs=c1-medizin&#038;art=online-kurs\">Register now<\/a><\/div><\/div><div class=\"mask-events__row2\"><div class=\"mask-events__c1\"><\/div><div class=\"mask-events__c2\"><div class=\"mask-events__meta\">20.05.2026 \u2013 17.12.2026<span style=\"color:#cc0101\">*<\/span><\/div><\/div><div class=\"mask-events__c3\"><div class=\"mask-events__meta\">Mon.-Fri.: 8:30 - 11:45<\/div><\/div><div class=\"mask-events__c4\"><div class=\"mask-events__meta\">20 TU\/week (600 TU)<span style=\"color:#cc0101\">**<\/span><\/div><\/div><div class=\"mask-events__c5 mask-events__statuswrap\"><div class=\"mask-events__status mask-events__status--free\">Places available<\/div><\/div><\/div><\/div><div class=\"mask-events__item\"><div class=\"mask-events__row1\"><div class=\"mask-events__c1\"><div class=\"mask-events__dot\" style=\"background:#2e7d32\"><\/div><\/div><div class=\"mask-events__c2\"><div class=\"mask-events__title\">C1 Academic health professionals: Medicine<\/div><\/div><div class=\"mask-events__c3\"><\/div><div class=\"mask-events__c4\"><div class=\"mask-events__meta mask-events__type-line\"><strong>Face-to-face<\/strong><span class=\"mask-events__location\"> \u2013 Zeltner Str. 19, 90443 Nuremberg<\/span><\/div><\/div><div class=\"mask-events__c5 mask-events__cta\"><a class=\"mask-events__btn mask-events__btn--on\" href=\"https:\/\/maskzentrum.de\/en\/course-registration\/?kurs=c1-medizin&#038;art=praesenzkurs\">Register now<\/a><\/div><\/div><div class=\"mask-events__row2\"><div class=\"mask-events__c1\"><\/div><div class=\"mask-events__c2\"><div class=\"mask-events__meta\">19.05.2026 \u2013 16.12.2026<span style=\"color:#cc0101\">*<\/span><\/div><\/div><div class=\"mask-events__c3\"><div class=\"mask-events__meta\">Mon.-Fri.: 9:00 - 12:15<\/div><\/div><div class=\"mask-events__c4\"><div class=\"mask-events__meta\">20 TU\/week (600 TU)<span style=\"color:#cc0101\">**<\/span><\/div><\/div><div class=\"mask-events__c5 mask-events__statuswrap\"><div class=\"mask-events__status mask-events__status--free\">Places available<\/div><\/div><\/div><\/div><div class=\"mask-events__item\"><div class=\"mask-events__row1\"><div class=\"mask-events__c1\"><div class=\"mask-events__dot\" style=\"background:#2e7d32\"><\/div><\/div><div class=\"mask-events__c2\"><div class=\"mask-events__title\">C1 Academic health professionals: Medicine<\/div><\/div><div class=\"mask-events__c3\"><\/div><div class=\"mask-events__c4\"><div class=\"mask-events__meta mask-events__type-line\"><strong>Online<\/strong><\/div><\/div><div class=\"mask-events__c5 mask-events__cta\"><a class=\"mask-events__btn mask-events__btn--on\" href=\"https:\/\/maskzentrum.de\/en\/course-registration\/?kurs=c1-medizin&#038;art=online-kurs\">Register now<\/a><\/div><\/div><div class=\"mask-events__row2\"><div class=\"mask-events__c1\"><\/div><div class=\"mask-events__c2\"><div class=\"mask-events__meta\">12.05.2026 \u2013 29.10.2026<span style=\"color:#cc0101\">*<\/span><\/div><\/div><div class=\"mask-events__c3\"><div class=\"mask-events__meta\">Mon.-Fri.: 8:15 - 12:15<\/div><\/div><div class=\"mask-events__c4\"><div class=\"mask-events__meta\">25 TU\/week (600 TU)<span style=\"color:#cc0101\">**<\/span><\/div><\/div><div class=\"mask-events__c5 mask-events__statuswrap\"><div class=\"mask-events__status mask-events__status--free\">Places available<\/div><\/div><\/div><\/div><div class=\"mask-events__item\"><div class=\"mask-events__row1\"><div class=\"mask-events__c1\"><div class=\"mask-events__dot\" style=\"background:#c62828\"><\/div><\/div><div class=\"mask-events__c2\"><div class=\"mask-events__title\">C1 Academic health professionals: Medicine<\/div><\/div><div class=\"mask-events__c3\"><\/div><div class=\"mask-events__c4\"><div class=\"mask-events__meta mask-events__type-line\"><strong>Online<\/strong><\/div><\/div><div class=\"mask-events__c5 mask-events__cta\"><a class=\"mask-events__btn mask-events__btn--off\" href=\"#\" aria-disabled=\"true\">Fully booked<\/a><\/div><\/div><div class=\"mask-events__row2\"><div class=\"mask-events__c1\"><\/div><div class=\"mask-events__c2\"><div class=\"mask-events__meta\">06.05.2026 \u2013 02.11.2026<span style=\"color:#cc0101\">*<\/span><\/div><\/div><div class=\"mask-events__c3\"><div class=\"mask-events__meta\">Mon.-Thu.: 17:45 - 21:00<\/div><\/div><div class=\"mask-events__c4\"><div class=\"mask-events__meta\">16 TU\/week (400 TU)<span style=\"color:#cc0101\">**<\/span><\/div><\/div><div class=\"mask-events__c5 mask-events__statuswrap\"><div class=\"mask-events__status mask-events__status--full\">Fully booked<\/div><\/div><\/div><\/div><\/div>\n\t* Expected end of course<br \/>\n** 1TU = 1 teaching unit = 45 minutes\n<h2>\n\t\t\tFurther Course Offerings\t<\/h2>\n\t\t\t<a href=\"https:\/\/maskzentrum.de\/en\/german-cources\/dentistry\"  target=\"_self\">\n\t\t\t\t\t\tC1 Dentistry (FSP)\n\t\t\t\t\t<\/a>\n\t\t\t<a href=\"https:\/\/maskzentrum.de\/en\/german-cources\/pharmacy\"  target=\"_self\">\n\t\t\t\t\t\t C1 Pharmacy (FSP) \n\t\t\t\t\t<\/a>\n\t\t\t<a href=\"https:\/\/maskzentrum.de\/en\/german-cources\/nursing\"  target=\"_self\">\n\t\t\t\t\t\tB2 Nursing\n\t\t\t\t\t<\/a>\n\t\t\t<a href=\"https:\/\/maskzentrum.de\/en\/german-cources\/physiotherapy\"  target=\"_self\">\n\t\t\t\t\t\tB2 Physiotherapy (FSP)\n\t\t\t\t\t<\/a>\n\n","protected":false},"excerpt":{"rendered":"","protected":false},"author":3,"featured_media":5493,"parent":1912,"menu_order":1,"comment_status":"closed","ping_status":"closed","template":"","meta":{"slim_seo":{"canonical":"https:\/\/maskzentrum.de\/en\/german-courses\/medicine\/","title":"C1 Academic health professionals: Medicine - MASK Zentrum","description":""},"footnotes":""},"class_list":["post-1888","page","type-page","status-publish","has-post-thumbnail","hentry"],"_links":{"self":[{"href":"https:\/\/maskzentrum.de\/en\/wp-json\/wp\/v2\/pages\/1888","targetHints":{"allow":["GET"]}}],"collection":[{"href":"https:\/\/maskzentrum.de\/en\/wp-json\/wp\/v2\/pages"}],"about":[{"href":"https:\/\/maskzentrum.de\/en\/wp-json\/wp\/v2\/types\/page"}],"author":[{"embeddable":true,"href":"https:\/\/maskzentrum.de\/en\/wp-json\/wp\/v2\/users\/3"}],"replies":[{"embeddable":true,"href":"https:\/\/maskzentrum.de\/en\/wp-json\/wp\/v2\/comments?post=1888"}],"version-history":[{"count":6,"href":"https:\/\/maskzentrum.de\/en\/wp-json\/wp\/v2\/pages\/1888\/revisions"}],"predecessor-version":[{"id":5665,"href":"https:\/\/maskzentrum.de\/en\/wp-json\/wp\/v2\/pages\/1888\/revisions\/5665"}],"up":[{"embeddable":true,"href":"https:\/\/maskzentrum.de\/en\/wp-json\/wp\/v2\/pages\/1912"}],"wp:featuredmedia":[{"embeddable":true,"href":"https:\/\/maskzentrum.de\/en\/wp-json\/wp\/v2\/media\/5493"}],"wp:attachment":[{"href":"https:\/\/maskzentrum.de\/en\/wp-json\/wp\/v2\/media?parent=1888"}],"curies":[{"name":"wp","href":"https:\/\/api.w.org\/{rel}","templated":true}]}}